{"id":546,"date":"2021-11-30T15:33:20","date_gmt":"2021-11-30T14:33:20","guid":{"rendered":"http:\/\/grundschule-burgebrach.de\/WP\/?page_id=546"},"modified":"2023-07-05T08:21:45","modified_gmt":"2023-07-05T06:21:45","slug":"datenschutz","status":"publish","type":"page","link":"https:\/\/grundschule-burgebrach.de\/WP\/datenschutz\/","title":{"rendered":"Datenschutz"},"content":{"rendered":"<p>[et_pb_section fb_built=&#8220;1&#8243; admin_label=&#8220;Finger weg!!! Sektion&#8220; _builder_version=&#8220;4.17.1&#8243; _module_preset=&#8220;default&#8220; da_disable_devices=&#8220;off|off|off&#8220; global_colors_info=&#8220;{}&#8220; da_is_popup=&#8220;off&#8220; da_exit_intent=&#8220;off&#8220; da_has_close=&#8220;on&#8220; da_alt_close=&#8220;off&#8220; da_dark_close=&#8220;off&#8220; da_not_modal=&#8220;on&#8220; da_is_singular=&#8220;off&#8220; da_with_loader=&#8220;off&#8220; da_has_shadow=&#8220;on&#8220;][et_pb_row admin_label=&#8220;Finger weg!!!Zeile&#8220; _builder_version=&#8220;4.17.1&#8243; _module_preset=&#8220;default&#8220; global_colors_info=&#8220;{}&#8220;][et_pb_column type=&#8220;4_4&#8243; _builder_version=&#8220;4.17.1&#8243; _module_preset=&#8220;default&#8220; global_colors_info=&#8220;{}&#8220;][et_pb_text admin_label=&#8220;Finger weg!!! Text&#8220; _builder_version=&#8220;4.17.1&#8243; _module_preset=&#8220;default&#8220; global_colors_info=&#8220;{}&#8220;]<\/p>\n<h3><strong>Datenschutzerkl\u00e4rung<\/strong><\/h3>\n<h3>A) Allgemeine Informationen<\/h3>\n<p><strong>Name und Kontaktdaten des Verantwortlichen<\/strong><br \/>Kleber Edith, Schulleiterin<br \/>Grundschule Burgebrach<br \/>Grasmannsdorfer Str. 3<br \/>96138 Burgebrach<\/p>\n<p>09546-59555510 (Telefon)<br \/>09546-59555529 (Fax)<\/p>\n<p>sekretariat@gs-burgebrach.de<\/p>\n<h3>Kontaktdaten des Datenschutzbeauftragten<\/h3>\n<p>Sie erreichen den Datenschutzbeauftragten an Staatlichen Schul\u00e4mtern f\u00fcr die staatlichen Grundschulen, Mittelschulen und F\u00f6rderschulen Bamberg Land unter:<\/p>\n<p>Jochen Schnappauf<br \/>Mittelschule Burgebrach<br \/>Grasmannsdorfer Str. 3<br \/>96138 Burgebrach<br \/>Telefon: 09546 595555-20 (Schule)<br \/>Handy: 0157 73798925 (privat)<br \/>Telefax: 09546 595555-29<br \/>E-Mail: datenschutz@ms-burgebrach.de<\/p>\n<h3>Zwecke und Rechtsgrundlagen f\u00fcr die Verarbeitung Ihrer Daten<\/h3>\n<p>Wir verarbeiten personenbezogene Daten zur Erf\u00fcllung des Bildungs- und Erziehungsauftrags, den das Bayerische Gesetz \u00fcber das Erziehungs- und Unterrichtswesen (BayEUG) den Schulen zuweist.<\/p>\n<p>Die Rechtsgrundlage f\u00fcr die Verarbeitung Ihrer Daten ergibt sich, soweit im Folgenden nichts anderes angegeben ist, aus Art. 85 des Bayerischen Erziehungs- und Unterrichtsgesetztes (BayEUG) in Verbindung mit Art. 6 Abs. 1 UAbs. 1 Buchstabe e der Datenschutzgrundverordnung (DSGVO).<\/p>\n<p>Demnach ist es uns erlaubt, die zur Erf\u00fcllung der schulischen Aufgaben erforderlichen Daten zu verarbeiten.<\/p>\n<h3>Empf\u00e4nger von personenbezogenen Daten<\/h3>\n<p>Der technische Betrieb unserer Datenverarbeitungssysteme erfolgt grunds\u00e4tzlich durch<\/p>\n<p>Administrator24 GmbH<br \/>Am Reuthersbach 25<br \/>96120 Bischberg<br \/>Deutschland<\/p>\n<p>in unserem Auftrag.<br \/>F\u00fcr einzelne Verfahren setzen wir weitere Auftragsverarbeiter ein.<\/p>\n<p>Auf Anforderung werden Ihre Daten an die zust\u00e4ndigen Aufsichts- und Rechnungspr\u00fcfungsbeh\u00f6rden zur Wahrnehmung der jeweiligen Kontrollrechte \u00fcbermittelt.<\/p>\n<h3>Dauer der Speicherung der personenbezogenen Daten<\/h3>\n<p>Ihre Daten werden nur so lange gespeichert, wie dies unter Beachtung gesetzlicher Aufbewahrungsfristen zur Aufgabenerf\u00fcllung erforderlich ist.<\/p>\n<h3>Ihre Rechte<\/h3>\n<p>Als Betroffener einer Datenverarbeitung haben Sie die folgenden Rechte:<\/p>\n<p>&#8211; Sie haben das Recht auf Auskunft \u00fcber die zu Ihrer Person gespeicherten Daten (Art. 15 DSGVO).<\/p>\n<p>&#8211; Sollten unrichtige personenbezogene Daten verarbeitet werden, steht Ihnen ein Recht auf Berichtigung zu (Art. 16 DSGVO).<\/p>\n<p>&#8211; Liegen die gesetzlichen Voraussetzungen vor, so k\u00f6nnen Sie die L\u00f6schung oder Einschr\u00e4nkung der Verarbeitung verlangen (Art. 17 und 18 DSGVO).<\/p>\n<p>&#8211; Wenn Sie in die Datenverarbeitung eingewilligt haben oder ein Vertrag zur Datenverarbeitung besteht und die Datenverarbeitung mithilfe automatisierter Verfahren durchgef\u00fchrt wird, steht Ihnen gegebenenfalls ein Recht auf Daten\u00fcbertragbarkeit zu (Art. 20 DSGVO).<\/p>\n<p>&#8211; Falls Sie in die Verarbeitung eingewilligt haben und die Verarbeitung auf dieser Einwilligung beruht, k\u00f6nnen Sie die Einwilligung jederzeit f\u00fcr die Zukunft widerrufen. Die Rechtm\u00e4\u00dfigkeit der aufgrund der Einwilligung bis zum Widerruf erfolgten Datenverarbeitung wird durch diesen nicht ber\u00fchrt.<\/p>\n<p>Sie haben das Recht, aus Gr\u00fcnden, die sich aus Ihrer besonderen Situation ergeben, jederzeit gegen die Verarbeitung Ihrer Daten Widerspruch einzulegen, wenn die Verarbeitung auf Grundlage des Art. 6 Abs. 1 UAbs. 1 Buchst. e DSGVO erfolgt (Art. 21 Abs. 1 Satz 1 DSGVO).<\/p>\n<p>Beschwerderecht bei der Aufsichtsbeh\u00f6rde<\/p>\n<p>Unabh\u00e4ngig davon besteht ein Beschwerderecht beim Bayerischen Landesbeauftragten f\u00fcr den Datenschutz, den Sie unter folgenden Kontaktdaten erreichen:<\/p>\n<p>Postanschrift: Postfach 22 12 19, 80502 M\u00fcnchen<br \/>Adresse: Wagm\u00fcllerstra\u00dfe 18, 80538 M\u00fcnchen<br \/>Telefon: 089 212672-0<br \/>Telefax: 089 212672-50<\/p>\n<p>E-Mail: poststelle@datenschutz-bayern.de<br \/>Internet: https:\/\/www.datenschutz-bayern.de\/<\/p>\n<p>Weitere Informationen<\/p>\n<p>F\u00fcr n\u00e4here Informationen zur Verarbeitung Ihrer Daten und zu Ihren Rechten k\u00f6nnen Sie uns unter den oben (zu Beginn von A) genannten Kontaktdaten erreichen.<\/p>\n<p>B) Informationen zum Internetauftritt<\/p>\n<p>Technische Umsetzung<\/p>\n<p>Unser Webserver wird durch<\/p>\n<p>Mediengestaltung-Anilora\u03fd<br \/>Steinbruchstrasse 2<br \/>96185 Steinsdorf<br \/><a href=\"http:\/\/www.mediengestaltung-anilorac.de\">http:\/\/www.mediengestaltung-anilorac.de<\/a><\/p>\n<p>betrieben. Die von Ihnen im Rahmen des Besuchs unseres Webauftritts \u00fcbermittelten personenbezogenen Daten werden daher durch diesen Auftragsverarbeiter in unserem Auftrag verarbeitet.<\/p>\n<p>Protokollierung<\/p>\n<p>Wenn Sie diese oder andere Internetseiten aufrufen, \u00fcbermitteln Sie \u00fcber Ihren Internetbrowser Daten an unseren Webserver. Die folgenden Daten werden w\u00e4hrend einer laufenden Verbindung zur Kommunikation zwischen Ihrem Internetbrowser und unserem Webserver aufgezeichnet:<\/p>\n<p>&#8211; Datum und Uhrzeit der Anforderung<\/p>\n<p>&#8211; Name der angeforderten Datei<\/p>\n<p>&#8211; Seite, von der aus die Datei angefordert wurde<\/p>\n<p>&#8211; Zugriffsstatus (Datei \u00fcbertragen, Datei nicht gefunden, etc.)<\/p>\n<p>&#8211; verwendete Internetbrowser und verwendetes Betriebssystem<\/p>\n<p>&#8211; vollst\u00e4ndige IP-Adresse des anfordernden Rechners<\/p>\n<p>&#8211; \u00fcbertragene Datenmenge.<\/p>\n<p>Nach Ende der Verbindung werden die Daten durch Verk\u00fcrzung der IP-Adresse auf Domain-Ebene anonymisiert, so dass es nicht mehr m\u00f6glich ist, einen Bezug auf einzelne Nutzer herzustellen.<\/p>\n<p>Aktive Komponenten<\/p>\n<p>Wir verwenden aktive Komponenten wie Javascript, Java-Applets oder Active-X-Controls. Diese Funktion kann durch die Einstellung Ihres Internetbrowsers von Ihnen abgeschaltet werden.<\/p>\n<p>Cookies<\/p>\n<p>Beim Zugriff auf dieses Internetangebot werden von uns Cookies (kleine Dateien) auf Ihrem Ger\u00e4t gespeichert, die f\u00fcr die Dauer Ihres Besuches auf der Internetseite g\u00fcltig sind (\u201esession-cookies\u201c). Wir verwenden diese ausschlie\u00dflich w\u00e4hrend Ihres Besuchs unserer Internetseite. Die meisten Browser sind so eingestellt, dass sie die Verwendung von Cookies akzeptieren, diese Funktion kann aber durch die Einstellung des Internetbrowsers von Ihnen f\u00fcr die laufende Sitzung oder dauerhaft abgeschaltet werden. Nach Ende Ihres Besuches wird Ihr Browser diese Cookies automatisch l\u00f6schen.<\/p>\n<p>Auswertung des Nutzungsverhaltens (Webtracking-Systeme; Reichweitenmessung)<\/p>\n<p>Programme zur Auswertung des Nutzerverhaltens werden von uns nicht eingesetzt.<\/p>\n<p>C) Videokonferenzwerkzeug Visavid (\u201eVisavid\u201c)<\/p>\n<p>Wir verarbeiten personenbezogene Daten im Rahmen der Bereitstellung des Videokonferenzwerk-zeugs Visavid zur datenschutzkonformen Durchf\u00fchrung von Videokonferenzen an bayerischen Schulen zur Durchf\u00fchrung des Distanzunterrichts, sowie f\u00fcr Lehrer- und Klassenkonferenzen und zur Kommunikation mit externen schulischen Partnern, z.B. anderen Beh\u00f6rden, Vereinen, Einrichtungen, Unternehmen Anbietern von Fortbildungsveranstaltungen, Dienstleister der Schulen und anderen Schulen und \u00f6ffentlichen Stellen zur dienstlichen Aufgabenerf\u00fcllung.<\/p>\n<p>Damit dient die Datenverarbeitung soweit die Videokonferenz im Rahmen des Distanzunterrichts oder f\u00fcr andere unterrichtliche Zwecke erfolgt, der Erf\u00fcllung des Bildungs- und Erziehungsauftrags, den das BayEUG den Schulen zuweist.<\/p>\n<p>a) Daten von Nutzerinnen und Nutzern von Videokonferenzen ohne eigenes Visavid-Nutzerkonto (z.B. Gastnutzer wie Erziehungsberechtigte; Sch\u00fclerinnen und Sch\u00fcler ohne IDM-Anbindung)<\/p>\n<p>Bei den Daten von Videokonferenzteilnehmerinnen und -teilnehmern ohne eigenes Visavid-Nutzerkonto (z.B. Gastnutzer wie Erziehungsberechtigte, Sch\u00fclerinnen und Sch\u00fcler ohne IDM-Anbindung) handelt es sich um diejenigen Daten, die im Rahmen der Durchf\u00fchrung einer Videokonferenz bekannt werden. Das sind beispielsweise Name, IP-Adresse, Inhaltsdaten der Videokonferenz und des Chats, ggfs. inklusive Bild und Ton (vgl. Ziffer 3.1.2, 3.1.5, 3.2 und 3.3 Abschnitt 7 Anlage 2 zu \u00a7 46 BaySchO).<\/p>\n<p>Aus Gr\u00fcnden der technischen Sicherheit, insbesondere zur Abwehr von Angriffsversuchen auf unseren Webserver, werden Protokolldaten von uns gespeichert.<\/p>\n<p>Im Rahmen der Anwendung Visavid verwenden wir Javascript. Diese Funktion kann im Internetbrowser deaktiviert werden. Die Funktion ist jedoch notwendig, damit Visavid genutzt werden kann. Java-Applets oder Active-X-Controls werden nicht verwendet.<\/p>\n<p>Wir setzen und verwenden dabei keine Cookies.<\/p>\n<p>Wir verwenden \u201eLocal Storage\u201c. Der Local Storage bietet Applikationen, die im Browser laufen, die M\u00f6glichkeit, Daten dort abzulegen. Anders als ein Cookie wird der Local Storage nicht automatisch an einen Server \u00fcbertragen. Vielmehr organisiert die Applikation erst bei der Nutzung von Visavid entsprechend der Konfiguration, ob und welche Daten verarbeitet werden.<\/p>\n<p>So hat die Nutzerin oder der Nutzer auch ohne Login z.B. die M\u00f6glichkeit ihren oder seinen Namen f\u00fcr weitere Sitzungen zu speichern. Das wird ausschlie\u00dflich \u00fcber den Local Storage, der sich auf dem Computer befindet, gel\u00f6st. Dort wird der Name abgelegt und beim erneuten Aufrufen ausgelesen. Der Nutzerin oder dem Nutzer wird lediglich das Feld f\u00fcr den Teilnehmernamen vorausgef\u00fcllt und erst durch das Klicken auf \u201eBetreten\u201c der Videokonferenz werden die Daten tats\u00e4chlich \u00fcbermittelt.<\/p>\n<p>Programme zur Auswertung des Nutzerverhaltens werden von uns nicht eingesetzt.<\/p>\n<p>Rechtsgrundlage<\/p>\n<p>Soweit eine Datenverarbeitung auf freiwilliger Basis erfolgt, ist Rechtsgrundlage eine Einwilligung der betroffenen Personen.<\/p>\n<p>Im \u00dcbrigen ist Rechtsgrundlage Art. 85 Abs. 1 BayEUG, \u00a7 46 Abs. 1 Satz 1 BayEUG i.V.m. \u00a7 19 Abs. 4 BaySchO i.V.m. Abschnitt 7 Anlage 2 zu \u00a7 46 BaySchO.<\/p>\n<p>Zwecke<\/p>\n<p>Die Datenverarbeitung im Rahmen der Verwendung von Visavid erfolgt zur Bereitstellung von Videokonferenzr\u00e4umen mit integrierter Chat-Funktion f\u00fcr Schulen und weitere Dienststellen, f\u00fcr Schulen zu den in Ziffer 1 Abschnitt 7 Anlage 2 zu \u00a7 46 BaySchO genannten Zwecken, insbesondere<\/p>\n<p>zum Zwecke der Durchf\u00fchrung von Distanzunterricht,<br \/>der Durchf\u00fchrung von Kommunikation mit Erziehungsberechtigten.<\/p>\n<p>Empf\u00e4nger<\/p>\n<p>Schulinterne Empf\u00e4nger<\/p>\n<p>Empf\u00e4nger sind die Teilnehmerinnen und Teilnehmer der jeweiligen Videokonferenz (beispielsweise p\u00e4dagogisches Personal, Sch\u00fclerinnen und Sch\u00fcler, Praktikantinnen und Praktikanten, Referendarinnen und Referendare, Seminarlehrkr\u00e4fte und Seminarteilnehmerinnen und Seminarteilnehmer). Diese sind Empf\u00e4nger hinsichtlich der in der Videokonferenz jeweils sichtbaren oder h\u00f6rbaren Daten (konkret: sichtbare Profilinformationen, Videobild und Ton im Rahmen von Videokonferenzen und der gruppenbezogenen Nutzungsdaten, hierzu Ziffer 4.3 Abschnitt 7 Anlage 2 zu \u00a7 46 BaySchO).<\/p>\n<p>Externe Empf\u00e4nger<\/p>\n<p>Externe Empf\u00e4nger k\u00f6nnen schul-externe Teilnehmer und Teilnehmerinnen von Videokonferenzen sein (beispielsweise von anderen Beh\u00f6rden, Vereinen, Einrichtungen, Unternehmen). (Zu den jeweiligen Datenarten, die diese empfangen k\u00f6nnen, vgl. oben)<\/p>\n<p>Zur Bereitstellung und Nutzung von Visavid ist die \u00dcbermittlung personenbezogener Daten an ausgew\u00e4hlte Dienstleister notwendig. Mit diesen Dienstleistern hat die Schule eine Vereinbarung zur Daten-verarbeitung im Auftrag der Schule geschlossen (sog. \u201eAuftragsverarbeitung\u201c nach Art. 28 DSGVO).<\/p>\n<p>Die Schule bedient sich zu Bereitstellung, Betrieb, Wartung und Support von Visavid folgender Auftragsverarbeiter:<\/p>\n<p>Auctores GmbH<\/p>\n<p>Die Auctores GmbH bedient sich beispielsweise zur Bereitstellung von Rechenzentrum-Services, einer Support-Hotline oder der Bereitstellung von VOIP-Interconnect f\u00fcr die telefonische Einwahl \u201eweiterer Auftragsverarbeiter\u201c im Sinne des Art. 28 DSGVO.<\/p>\n<p>Im Rahmen der Erf\u00fcllung seiner gesetzlichen Aufgaben nach Art. 12 ff. BayEGovG ist das Landesamt f\u00fcr Sicherheit in der Informationstechnik \u00dcbermittlungsempf\u00e4nger.<\/p>\n<p>Dauer der Speicherung<\/p>\n<p>Ihre Daten werden nur so lange gespeichert, wie dies unter Beachtung gesetzlicher Aufbewahrungs-fristen zur Aufgabenerf\u00fcllung erforderlich ist.<\/p>\n<p>Die Vorgaben zur Speicherdauer sind grunds\u00e4tzlich Ziffer 5 der Anlage 2 Abschnitt 7 der BaySchO zu entnehmen.<\/p>\n<p>Davon abweichend gilt Folgendes:<\/p>\n<p>Die Protokolldaten werden aus Gr\u00fcnden der technischen Sicherheit, insbesondere zur Abwehr von Angriffsversuchen auf unseren Webservern nach sp\u00e4testens sieben Tagen durch Verk\u00fcrzung der IP-Adresse auf Domain-Ebene gel\u00f6scht, so dass es nicht mehr m\u00f6glich ist, einen Bezug auf einzelne Nutzer herzustellen.<\/p>\n<p>Technische Protokolldaten, die beim Betrieb des Dienstes anfallen, werden maximal 30 Tage aufbewahrt und danach automatisiert gel\u00f6scht.<\/p>\n<p>S\u00e4mtliche Daten, die innerhalb einer Videokonferenz anfallen \u2013 also nicht nur Videobild und Ton (s. Ziffer 3.2 in Anlage 2 Abschnitt 7 BaySchO), sondern insbesondere auch Chatnach-richten (s. Ziffer 3.3 in Anlage 2 Abschnitt 7 BaySchO) \u2013 werden nicht gespeichert, sondern mit Beendigung der Videokonferenz gel\u00f6scht.<\/p>\n<p>b) Daten von Nutzerinnen und Nutzern eines Visavid-Nutzerkontos (z.B. Schulleitung, Lehrkr\u00e4fte)<\/p>\n<p>Zus\u00e4tzlich zu den unter a) genannten Datenarten werden von Nutzerinnen und Nutzern eines Visavid Nutzerkontos (z.B. Schulleitung, Lehrkr\u00e4fte) nach dem Login Stammdaten, Passwort und Inhaltsdaten im Sinne der Ziffern 3.1.1, 3.1.3, 3.1.4 in Abschnitt 7 Anlage 2 zu \u00a7 46 BaySchO verarbeitet.<\/p>\n<p>Dar\u00fcber hinaus wird im Account der Nutzer gespeichert, dass die Nutzerinnen und Nutzer den Nutzungsbedingungen zugestimmt haben.<\/p>\n<p>Rechtsgrundlage<\/p>\n<p>F\u00fcr die Verarbeitung der jeweiligen personenbezogenen Daten sind die f\u00fcr den jeweiligen Verarbeitungsvorgang einschl\u00e4gigen Rechtsgrundlagen, in der Regel Art. 6 Abs. 1 e) DSGVO in Verbindung mit Art. 85 Abs. 1 BayEUG, soweit eine Datenverarbeitung auf freiwilliger Basis erfolgt, ist Rechts-grundlage eine Einwilligung der betroffenen Personen. Seite 13 von 20<\/p>\n<p>Zwecke<\/p>\n<p>Siehe oben unter a) Daten von Nutzerinnen und Nutzern von Videokonferenzen ohne eigenes Visavid-Nutzerkonto (z.B. Gastnutzer wie Erziehungsberechtigte, Sch\u00fclerinnen und Sch\u00fcler, ohne IDM-Anbindung) &#8211; Zwecke.<\/p>\n<p>Dar\u00fcber hinaus wird Visavid zu Fortbildungszwecken genutzt.<\/p>\n<p>Empf\u00e4nger<\/p>\n<p>Schulinterne Empf\u00e4nger<\/p>\n<p>Von der Schule beauftragter Administrator hinsichtlich Stammdaten, Passwort (dies nur schreibend) und Inhaltsdaten (Ziffer 3.1.1, 3.1.3, 3.1.4 in Abschnitt 7 Anlage 2 zu \u00a7 46 BaySchO).<\/p>\n<p>Im \u00dcbrigen siehe oben unter a) Daten von Nutzerinnen und Nutzern von Videokonferenzen ohne eigenes Visavid-Nutzerkonto (z.B. Gastnutzer wie Erziehungsberechtigte, Sch\u00fclerinnen und Sch\u00fcler, ohne IDM-Anbindung) \u2013 Schulinterne Empf\u00e4nger.<\/p>\n<p>Externe Empf\u00e4nger<\/p>\n<p>Siehe oben unter a) Daten von Nutzerinnen und Nutzern von Videokonferenzen ohne eigenes Visavid-Nutzerkonto (z.B. Gastnutzer wie Erziehungsberechtigte, Sch\u00fclerinnen und Sch\u00fcler ohne IDM-Anbindung) &#8211; Empf\u00e4nger.<\/p>\n<p>Dauer der Speicherung<\/p>\n<p>Siehe oben unter a) Daten von Nutzerinnen und Nutzern von Videokonferenzen ohne eigenes Visavid-Nutzerkonto (z.B. Gastnutzer wie Erziehungsberechtigte, Sch\u00fclerinnen und Sch\u00fcler ohne IDM-Anbindung) \u2013 Dauer der Speicherung.<\/p>\n<p>D) Informationen zu weiteren Verarbeitungen<\/p>\n<p>Zur Erf\u00fcllung schulischer Aufgaben (Art. 2 BayEUG) verarbeiten wir personenbezogene Daten \u00fcber folgende Personengruppen:<\/p>\n<p>a) Daten von Sch\u00fclerinnen und Sch\u00fclern und Erziehungsberechtigten<\/p>\n<p>Bei den Daten von Sch\u00fclerinnen und Sch\u00fclern handelt es sich insbesondere um Name, Adressdaten, Staatsangeh\u00f6rigkeit, Religionszugeh\u00f6rigkeit (soweit f\u00fcr die Schulpraxis erforderlich), Migrationshintergrund (Geburtsland, Jahr des Zuzugs nach Deutschland, Muttersprache deutsch\/nicht deutsch), Leistungsdaten, Daten zur schulischen und beruflichen Vorbildung sowie zur Berufsausbildung. Ggf. werden auch besondere p\u00e4dagogische F\u00f6rderma\u00dfnahmen, z.B. Empfehlungen zur Schullaufbahn, Schulvers\u00e4umnisse und Ordnungsma\u00dfnahmen nach Art. 86 BayEUG gespeichert.<\/p>\n<p>Bei den Daten von den Erziehungsberechtigten handelt es sich insbesondere um Name und Adressdaten sowie Angaben zum Sorgerecht.<\/p>\n<p>Rechtsgrundlage<\/p>\n<p>Zentrale Rechtsgrundlage ist Art. 85 Abs. 1 BayEUG. Danach d\u00fcrfen Schulen die zur Erf\u00fcllung der ihnen durch Rechtsvorschriften zugewiesenen Aufgaben erforderlichen Daten der Sch\u00fclerinnen und Sch\u00fcler und deren Erziehungsberechtigten verarbeiten.<\/p>\n<p>Die Datenverarbeitung im Rahmen der Herausgabe eines Jahresberichts f\u00fcr die Sch\u00fclerinnen und Sch\u00fcler und die Erziehungsberechtigten beruht auf Art. 85 Abs. 3 BayEUG, gegebenenfalls im Hinblick auf Fotos auf einer Einwilligung.<\/p>\n<p>Rechtsgrundlage f\u00fcr die Verarbeitung von Name und Adressdaten der Erziehungsberechtigten sowie von Angaben zum Sorgerecht ist Art. 85 Abs. 1 Satz 3 BayEUG.<\/p>\n<p>Zwecke<\/p>\n<p>Die Datenverarbeitung an unserer Schule dient in diesem Rahmen insbesondere folgenden spezifischen Zwecken:<\/p>\n<p>Kommunikation mit Erziehungsberechtigten (Art. 2 Abs. 4 BayEUG), Dokumentation von Sch\u00fcler- und Sch\u00fclerleistungsdaten, Zeugniserstellung (Art. 52, 85a BayEUG und Bestimmungen der Schulordnungen und der Lehrerdienstordnung); Ermittlung des sonderp\u00e4dagogischen F\u00f6rderbedarfs (Art. 19 BayEUG); Einsatz Mobiler Sonderp\u00e4dagogischer Dienste (Art. 21 BayEUG), Praktikumsverwaltung (Art. 50 Abs. 3 und 4 BayEUG); \u00dcberwachung der Schulpflicht (Art. 57 BayEUG); Mitgestaltung des schulischen Lebens (Art. 62 ff. BayEUG); Erziehungs- und Ordnungsma\u00dfnahmen (Art. 86 BayEUG); Durchf\u00fchrung der Schulstatistik (Art. 113b BayEUG); Evaluation und Qualit\u00e4tsentwicklung (Art. 113c BayEUG); Schulfinanzierung (Art. 4, 10, 19 Bayerisches Schulfinanzierungsgesetz &#8211; BaySchFG); \u00d6ffentlichkeitsarbeit.<\/p>\n<p>Auskunftspflicht gegen\u00fcber der Schule<br \/>Eine Pflicht zur Auskunft durch Sch\u00fclerinnen und Sch\u00fcler beziehungsweise der Erziehungsberechtigten besteht nach Ma\u00dfgabe von Art. 85 Abs. 1 Satz 3 und Satz 4 BayEUG.<\/p>\n<p>Empf\u00e4nger<\/p>\n<p>An au\u00dferschulische Stellen \u00fcbermitteln wir Daten unserer Sch\u00fclerinnen und Sch\u00fcler nur, soweit es zur Erf\u00fcllung unserer Aufgaben erforderlich oder anderweitig gesetzlich vorgesehen ist bzw. zul\u00e4ssig ist.<\/p>\n<p>Zu den Empf\u00e4ngern geh\u00f6ren insbesondere:<\/p>\n<p>&#8211; Erziehungsberechtigte, Sch\u00fclerinnen und Sch\u00fcler (Art. 85 Abs. 3 BayEUG)<\/p>\n<p>&#8211; die zust\u00e4ndigen Schulaufsichtsbeh\u00f6rden (Art. 113 BayEUG)<\/p>\n<p>&#8211; Rechnungspr\u00fcfungsbeh\u00f6rden (Art. 95 BayHO)<\/p>\n<p>&#8211; das zust\u00e4ndige Jugendamt (Art. 31 BayEUG)<\/p>\n<p>&#8211; die Tr\u00e4ger des Sachaufwands (Art. 10, 19 BaySchFG)<\/p>\n<p>&#8211; die Tr\u00e4ger des Aufwands der Sch\u00fclerbef\u00f6rderung (Art. 1 Abs. 1 und 5 Schulwegkostenfreiheitsgesetz &#8211; SchKFrG i.V.m. der Verordnung \u00fcber die Sch\u00fclerbef\u00f6rderung)<\/p>\n<p>&#8211; das Landesamt f\u00fcr Statistik (Art. 113b Abs. 10 BayEUG)<\/p>\n<p>&#8211; die aufnehmende Schule im Falle eines Schulwechsels (Art. 85a Abs. 2 BayEUG, \u00a7 39 BaySchO)<\/p>\n<p>&#8211; das Einwohnermeldeamt (bei Abmeldung ausl\u00e4ndischer Sch\u00fcler vom Schulbesuch in Bayern, \u00a7 3 Mittelschulordnung &#8211; MSO)<\/p>\n<p>&#8211; die Kreisverwaltungsbeh\u00f6rden (Art. 118 BayEUG und Art. 119 BayEUG)<\/p>\n<p>&#8211; bei archivierungsw\u00fcrdigen Unterlagen nach Ablauf der Aufbewahrungsfrist ggf. das zust\u00e4ndige Archiv nach dem Bayerischen Archivgesetz (BayArchivG)<\/p>\n<p>&#8211; die zust\u00e4ndige Ausl\u00e4nderbeh\u00f6rde, wenn die Schule bei ausl\u00e4ndischen Schulpflichtigen feststellt, dass sie nicht \u00fcber hinreichende Deutschkenntnisse f\u00fcr einen erfolgreichen Schulbesuch verf\u00fcgen (Art. 85 Abs. 2 BayEUG)<\/p>\n<p>&#8211; das zust\u00e4ndige Gesundheitsamt (\u00a7\u00a7 33-36 Infektionsschutzgesetz &#8211; IfSG)<\/p>\n<p>&#8211; ggf. Angeh\u00f6rige des p\u00e4dagogischen Personals der Partnerschule und Nutzerinnen und Nutzer in den virtuellen Kursen\/R\u00e4umen der passwortgesch\u00fctzten Lernplattform<\/p>\n<p>&#8211; Zielschule bei Schulwechseln (Art. 85a Abs.3 BayEUG)<\/p>\n<p>Dauer der Speicherung<\/p>\n<p>Grundsatz:<\/p>\n<p>Daten von Sch\u00fclerinnen und Sch\u00fclern und Erziehungsberechtigten werden von uns nur so lange gespeichert, wie dies unter Beachtung gesetzlicher Aufbewahrungsfristen f\u00fcr die jeweilige Aufgabenerf\u00fcllung erforderlich ist.<\/p>\n<p>Daten in Sch\u00fclerunterlagen:<\/p>\n<p>F\u00fcr Daten, die in den Sch\u00fclerunterlagen gespeichert sind, gelten gem\u00e4\u00df \u00a7 40 der Bayerischen Schulordnung (BaySchO), grunds\u00e4tzlich folgende Speicherfristen:<br \/>Betroffene Daten Aufbewahrungszeit\/<br \/>L\u00f6schungsfrist<br \/>1. Sch\u00fclerstammblatt; Abschlusszeugnisse oder sie ersetzende Zeugnisse in Abschrift; Zeugnisse, die schulische Berechtigungen verleihen, in Abschrift; Urkunden, die zum F\u00fchren eine Berufsbezeichnung berechtigen, in Abschrift 50 Jahre<br \/>2. Leistungsnachweise 2 Jahre<br \/>3. alle \u00fcbrigen Daten 1 Jahr<\/p>\n<p>Die L\u00f6schfristen f\u00fcr die bei Nrn. 1 und 3 genannten Daten beginnen mit Ablauf des Schuljahres, in dem die Sch\u00fclerin oder der Sch\u00fcler die Schule verl\u00e4sst, f\u00fcr die Leistungsnachweise mit Ablauf des Schuljahres, in dem sie angefertigt wurden.<\/p>\n<p>Aufzeichnungen im Rahmen der Schulberatung:<\/p>\n<p>Aufzeichnungen \u00fcber Beratungen durch Beratungslehrkr\u00e4fte und Schulpsychologen werden bis zum Ablauf von drei Jahren nach dem Ende des Schulbesuchs des betreffenden Sch\u00fclers unter Verschluss gehalten und anschlie\u00dfend vernichtet (vgl. Bekanntmachung \u00fcber die Schulberatung in Bayern, Abschnitt III Nr. 4.4)<\/p>\n<p>b) Daten von Lehrkr\u00e4ften<\/p>\n<p>Von Lehrkr\u00e4ften verarbeiten wir Name, Staatsangeh\u00f6rigkeit, Angaben zur Lehrbef\u00e4higung und zum Unterrichtseinsatz sowie ggf. weitere Personaldaten, soweit diese zur Abwicklung des Dienstverh\u00e4ltnisses an der Schule erforderlich sind (die Personalakte wird bei der Dienst- oder Besch\u00e4ftigungsbeh\u00f6rde gef\u00fchrt).<\/p>\n<p>Rechtsgrundlage<\/p>\n<p>Zentrale Rechtsgrundlage ist Art. 85 Abs. 1 BayEUG. Danach d\u00fcrfen Schulen die zur Erf\u00fcllung der ihnen durch Rechtsvorschriften zugewiesenen Aufgaben erforderlichen Daten der Lehrkr\u00e4fte verarbeiten.<\/p>\n<p>Die Datenverarbeitung im Rahmen der F\u00fchrung weiterer Personalakten (Nebenakten) ergibt sich aus Art. 104 Abs. 1 Bayerisches Beamtengesetz (BayBG). Danach darf eine Besch\u00e4ftigungsbeh\u00f6rde, die nicht zugleich personalverwaltende Beh\u00f6rde ist, eine weitere Personalakte (Nebenakte) aus Unterlagen f\u00fchren, die sich auch in der Grundakte oder Teilakten befinden, soweit deren Kenntnis f\u00fcr die Erledigung ihrer Aufgaben erforderlich ist.<\/p>\n<p>Zwecke<\/p>\n<p>Die Datenverarbeitung an unserer Schule dient in diesem Rahmen insbesondere der Durchf\u00fchrung organisatorischer, personeller und sozialer Ma\u00dfnahmen, insbesondere zu Zwecken der Personalverwaltung oder Personalwirtschaft (vgl. insbesondere Art. 103 BayBG).<\/p>\n<p>Auskunftspflicht gegen\u00fcber der Schule<br \/>Eine Pflicht zur Auskunft durch Lehrkr\u00e4fte besteht nach Ma\u00dfgabe von Art. 85 Abs. 1 Satz 3 und Satz 4 BayEUG.<\/p>\n<p>Empf\u00e4nger<\/p>\n<p>An externe Stellen \u00fcbermitteln wir Daten der Lehrkr\u00e4fte nur, soweit es zur Erf\u00fcllung unserer Aufgaben erforderlich oder anderweitig gesetzlich vorgesehen ist.<\/p>\n<p>Zu den Empf\u00e4ngern geh\u00f6ren insbesondere:<\/p>\n<p>&#8211; Erziehungsberechtigte, Sch\u00fclerinnen und Sch\u00fcler (Art. 85 Abs. 1 und 3 BayEUG)<\/p>\n<p>&#8211; die zust\u00e4ndigen Schulaufsichtsbeh\u00f6rden (Art. 113 BayEUG)<\/p>\n<p>&#8211; die zust\u00e4ndigen personalverwaltenden Stellen (Art. 103 ff. BayBG)<\/p>\n<p>&#8211; das Landesamt f\u00fcr Finanzen (Art. 103 ff. BayBG)<\/p>\n<p>&#8211; das Landesamt f\u00fcr Statistik (Art. 113b Abs. 10 BayEUG)<\/p>\n<p>&#8211; die jeweils zust\u00e4ndige Handwerkskammer als Tr\u00e4ger \u00fcberbetrieblicher Unterweisungsma\u00dfnahmen (Art. 85 Abs. 1 i.V.m. Art. 59 Abs. 3 BayEUG i.V.m. \u00a7 21 BSO)<\/p>\n<p>&#8211; die f\u00fcr die Berufsausbildung zust\u00e4ndigen Stellen (\u00a7 37 Abs. 3 Satz 2 BBiG)<\/p>\n<p>&#8211; bei archivierungsw\u00fcrdigen Unterlagen nach Ablauf der Aufbewahrungsfrist ggf. das zust\u00e4ndige Archiv nach BayArchivG<\/p>\n<p>&#8211; das zust\u00e4ndige Gesundheitsamt (\u00a7\u00a7 33-36 IfSG)<\/p>\n<p>Dauer der Speicherung<\/p>\n<p>Grundsatz:<\/p>\n<p>Daten von Lehrkr\u00e4ften werden von uns nur so lange gespeichert, wie dies unter Beachtung gesetzlicher Aufbewahrungsfristen f\u00fcr die jeweilige Aufgabenerf\u00fcllung erforderlich ist.<\/p>\n<p>Personaldaten:<\/p>\n<p>Die Speicherung, L\u00f6schung und Vernichtung Ihrer Personaldaten im Rahmen des Besch\u00e4ftigungsverh\u00e4ltnisses richtet sich nach den Art. 103 ff. BayBG, insb. Art. 110 BayBG (im Falle der Arbeitnehmerinnen und Arbeitnehmer nach \u00a7 611a BGB sowie in entsprechender Anwendung nach den Art. 103 ff. BayBG, insb. Art. 110 BayBG).<\/p>\n<p>c) Daten des nicht unterrichtenden Personals<\/p>\n<p>Von nicht unterrichtendem Personal f\u00fchren wir die Personaldaten, die zur Abwicklung des Dienstverh\u00e4ltnisses an der Schule erforderlich sind (die Personalakte wird von der Dienst- oder Besch\u00e4ftigungsbeh\u00f6rde gef\u00fchrt).<\/p>\n<p>Rechtsgrundlage<\/p>\n<p>Zentrale Rechtsgrundlage ist Art. 85 Abs. 1 BayEUG. Danach d\u00fcrfen Schulen die zur Erf\u00fcllung der ihnen durch Rechtsvorschriften zugewiesenen Aufgaben erforderlichen Daten des nicht unterrichtenden Personals verarbeiten.<\/p>\n<p>Die Datenverarbeitung im Rahmen der F\u00fchrung weiterer Personalakten (Nebenakten) ergibt sich aus Art. 104 Abs. 1 BayBG. Danach darf eine Besch\u00e4ftigungsbeh\u00f6rde, die nicht zugleich personalverwaltende Beh\u00f6rde ist, eine weitere Personalakte (Nebenakte) aus Unterlagen f\u00fchren, die sich auch in der Grundakte oder Teilakten befinden, soweit deren Kenntnis f\u00fcr die Erledigung ihrer Aufgaben erforderlich ist (im Falle der Arbeitnehmerinnen und Arbeitnehmer nach \u00a7 611a B\u00fcrgerliches Gesetzbuch (BGB) sowie in entsprechender Anwendung nach den Art. 103 ff. BayBG.).<\/p>\n<p>Zwecke<\/p>\n<p>Die Datenverarbeitung an unserer Schule dient in diesem Rahmen insbesondere der Durchf\u00fchrung organisatorischer, personeller und sozialer Ma\u00dfnahmen, insbesondere zu Zwecken der Personalverwaltung oder Personalwirtschaft (vgl. insbesondere Art. 103 BayBG).<\/p>\n<p>Empf\u00e4nger<\/p>\n<p>An externe Stellen \u00fcbermitteln wir Daten des nicht unterrichtenden Personals nur, soweit es zur Erf\u00fcllung unserer Aufgaben erforderlich oder anderweitig gesetzlich vorgesehen ist.<\/p>\n<p>Zu den Empf\u00e4ngern geh\u00f6ren insbesondere:<\/p>\n<p>&#8211; Erziehungsberechtigte, Sch\u00fclerinnen und Sch\u00fcler (Art. 85 Abs. 1 BayEUG)<\/p>\n<p>&#8211; die zust\u00e4ndigen Schulaufsichtsbeh\u00f6rden (Art. 113 BayEUG)<\/p>\n<p>&#8211; Rechnungspr\u00fcfungsbeh\u00f6rden (Art. 95 BayHO)<\/p>\n<p>&#8211; die zust\u00e4ndigen personalverwaltenden Stellen (Art. 103 ff. BayBG)<\/p>\n<p>&#8211; das Landesamt f\u00fcr Finanzen (Art. 103 ff. BayBG)<\/p>\n<p>&#8211; das Landesamt f\u00fcr Statistik (Art. 113b Abs. 10 BayEUG)<\/p>\n<p>&#8211; bei archivierungsw\u00fcrdigen Unterlagen nach Ablauf der Aufbewahrungsfrist ggf. das zust\u00e4ndige Archiv nach dem BayArchivG<\/p>\n<p>&#8211; das zust\u00e4ndige Gesundheitsamt (\u00a7\u00a7 33-36 IfSG)<\/p>\n<p>Dauer der Speicherung<\/p>\n<p>Grundsatz: Daten des nicht unterrichtenden Personals werden von uns grunds\u00e4tzlich nur so lange gespeichert, wie dies unter Beachtung gesetzlicher Aufbewahrungsfristen f\u00fcr die jeweilige Aufgabenerf\u00fcllung erforderlich ist.<\/p>\n<p>Personaldaten:<\/p>\n<p>Die Speicherung, L\u00f6schung und Vernichtung Ihrer Personaldaten im Rahmen des Besch\u00e4ftigungsverh\u00e4ltnisses richtet sich nach den Art. 103 ff. BayBG, insb. Art. 110 BayBG (im Falle der Arbeitnehmerinnen und Arbeitnehmer nach \u00a7 611a BGB sowie in entsprechender Anwendung nach den Art. 103 ff. BayBG, insb. Art. 110 BayBG).<\/p>\n<p>d) Daten von Personen, die mit der Schule in Gesch\u00e4ftskontakt oder sonst in Kontakt stehen<br \/>(z.B. als Dienstleister oder Handwerker, Vertreter von \u00f6rtlichen Beh\u00f6rden oder Personen, die sich an die Schule wenden)<\/p>\n<p>Name und Adressdaten<br \/>Weitere Daten werden je nach Art des Gesch\u00e4fts- oder sonstigen Kontakts verarbeitet.<\/p>\n<p>Rechtsgrundlage<\/p>\n<p>Als Rechtsgrundlage kommt insbesondere Art. 6 Abs. 1 UAbs. 1 Buchst. a DSGVO (Einwilligung) und Art. 6 Abs.1 UAbs. 1 Buchst. b DSGVO (Abwicklung eines Vertrags) in Betracht.<\/p>\n<p>Zwecke<\/p>\n<p>Die Datenverarbeitung an unserer Schule dient im Rahmen einer Einwilligung dem in der Einwilligung angegebenen Zweck oder bei der Abwicklung eines Vertrages der Erf\u00fcllung des jeweiligen Vertrages.<\/p>\n<p>Empf\u00e4nger<\/p>\n<p>An externe Stellen \u00fcbermitteln wir Daten von Personen, die mit der Schule in Gesch\u00e4ftskontakt oder sonst in Kontakt stehen nur, soweit es zur Erf\u00fcllung unserer Aufgaben erforderlich oder anderweitig gesetzlich vorgesehen ist.<\/p>\n<p>Dauer der Speicherung<\/p>\n<p>Daten von Personen, die mit der Schule in Gesch\u00e4ftskontakt oder sonst in Kontakt stehen werden von uns nur so lange gespeichert, wie dies unter Beachtung gesetzlicher Aufbewahrungsfristen f\u00fcr die jeweiligen Verarbeitungszwecke erforderlich ist.<\/p>\n<p>[1] \u00dcber die Information des Betroffenen \u00fcber die Datenverarbeitung im Rahmen des Internetauftritts hinausgehend kann die Datenschutzerkl\u00e4rung auch als Standort gew\u00e4hlt werden, um den Betroffenen \u00fcber weitere Datenverarbeitungen der Schule gem\u00e4\u00df Art. 13 und 14 DSGVO zu informieren, z.B. Information des Betroffenen \u00fcber die Verarbeitung personenbezogener Daten bei Veranstaltungen oder bei bestimmten Fachverfahren (siehe C).<\/p>\n<p>[\/et_pb_text][\/et_pb_column][\/et_pb_row][\/et_pb_section]<\/p>\n","protected":false},"excerpt":{"rendered":"<p>Datenschutzerkl\u00e4rung A) Allgemeine Informationen Name und Kontaktdaten des VerantwortlichenKleber Edith, SchulleiterinGrundschule BurgebrachGrasmannsdorfer Str. 396138 Burgebrach 09546-59555510 (Telefon)09546-59555529 (Fax) sekretariat@gs-burgebrach.de Kontaktdaten des Datenschutzbeauftragten Sie erreichen den Datenschutzbeauftragten an Staatlichen Schul\u00e4mtern f\u00fcr die staatlichen Grundschulen, Mittelschulen und F\u00f6rderschulen Bamberg Land unter: Jochen SchnappaufMittelschule BurgebrachGrasmannsdorfer Str. 396138 BurgebrachTelefon: 09546 595555-20 (Schule)Handy: 0157 73798925 (privat)Telefax: 09546 595555-29E-Mail: datenschutz@ms-burgebrach.de Zwecke [&hellip;]<\/p>\n","protected":false},"author":1,"featured_media":0,"parent":0,"menu_order":0,"comment_status":"closed","ping_status":"closed","template":"","meta":{"_et_pb_use_builder":"on","_et_pb_old_content":"","_et_gb_content_width":"","footnotes":""},"class_list":["post-546","page","type-page","status-publish","hentry"],"_links":{"self":[{"href":"https:\/\/grundschule-burgebrach.de\/WP\/wp-json\/wp\/v2\/pages\/546","targetHints":{"allow":["GET"]}}],"collection":[{"href":"https:\/\/grundschule-burgebrach.de\/WP\/wp-json\/wp\/v2\/pages"}],"about":[{"href":"https:\/\/grundschule-burgebrach.de\/WP\/wp-json\/wp\/v2\/types\/page"}],"author":[{"embeddable":true,"href":"https:\/\/grundschule-burgebrach.de\/WP\/wp-json\/wp\/v2\/users\/1"}],"replies":[{"embeddable":true,"href":"https:\/\/grundschule-burgebrach.de\/WP\/wp-json\/wp\/v2\/comments?post=546"}],"version-history":[{"count":8,"href":"https:\/\/grundschule-burgebrach.de\/WP\/wp-json\/wp\/v2\/pages\/546\/revisions"}],"predecessor-version":[{"id":54681,"href":"https:\/\/grundschule-burgebrach.de\/WP\/wp-json\/wp\/v2\/pages\/546\/revisions\/54681"}],"wp:attachment":[{"href":"https:\/\/grundschule-burgebrach.de\/WP\/wp-json\/wp\/v2\/media?parent=546"}],"curies":[{"name":"wp","href":"https:\/\/api.w.org\/{rel}","templated":true}]}}