{"id":51593,"date":"2022-04-17T20:56:04","date_gmt":"2022-04-17T18:56:04","guid":{"rendered":"http:\/\/grundschule-burgebrach.de\/WP\/?page_id=51593"},"modified":"2026-03-13T13:03:59","modified_gmt":"2026-03-13T12:03:59","slug":"ueber-uns","status":"publish","type":"page","link":"https:\/\/grundschule-burgebrach.de\/WP\/ueber-uns\/","title":{"rendered":"\u00dcber uns"},"content":{"rendered":"<p>[et_pb_section fb_built=&#8220;1&#8243; module_id=&#8220;kollegium&#8220; module_class=&#8220;anker&#8220; _builder_version=&#8220;4.19.0&#8243; _module_preset=&#8220;default&#8220; custom_margin=&#8220;20px||0px||false|false&#8220; custom_padding=&#8220;0px||100px||false|false&#8220; global_colors_info=&#8220;{}&#8220;][et_pb_row _builder_version=&#8220;4.19.0&#8243; _module_preset=&#8220;default&#8220; custom_margin=&#8220;||0px||false|false&#8220; custom_padding=&#8220;||0px||false|false&#8220; global_colors_info=&#8220;{}&#8220;][et_pb_column type=&#8220;4_4&#8243; _builder_version=&#8220;4.19.0&#8243; _module_preset=&#8220;default&#8220; global_colors_info=&#8220;{}&#8220;][et_pb_text _builder_version=&#8220;4.27.0&#8243; _module_preset=&#8220;default&#8220; global_colors_info=&#8220;{}&#8220;]<\/p>\n<h3>Kollegium 2025\/26<\/h3>\n<p>Klassenlehrerinnen<\/p>\n<table style=\"border-collapse: collapse;width: 100%\" border=\"1\">\n<tbody>\n<tr>\n<td style=\"width: 18.2657%;text-align: center\">1a<\/td>\n<td style=\"width: 81.7343%;text-align: center\">Quirina Morhard<\/td>\n<\/tr>\n<tr>\n<td style=\"width: 18.2657%;text-align: center\">1b<\/td>\n<td style=\"width: 81.7343%;text-align: center\">Wencke Engel-Wendel<\/td>\n<\/tr>\n<tr>\n<td style=\"width: 18.2657%;text-align: center\">1c<\/td>\n<td style=\"width: 81.7343%;text-align: center\">Margit Endres<\/td>\n<\/tr>\n<tr>\n<td style=\"width: 18.2657%;text-align: center\">2a<\/td>\n<td style=\"width: 81.7343%;text-align: center\">Kim Kr\u00f6ckel<\/td>\n<\/tr>\n<tr>\n<td style=\"width: 18.2657%;text-align: center\">2b<\/td>\n<td style=\"width: 81.7343%;text-align: center\">Astrid Hoffart<\/td>\n<\/tr>\n<tr>\n<td style=\"width: 18.2657%;text-align: center\">2c<\/td>\n<td style=\"width: 81.7343%;text-align: center\">Katharina von K\u00f6ckritz<\/td>\n<\/tr>\n<tr>\n<td style=\"width: 18.2657%;text-align: center\">3a<\/td>\n<td style=\"width: 81.7343%;text-align: center\">Carina Neubauer<\/td>\n<\/tr>\n<tr>\n<td style=\"width: 18.2657%;text-align: center\">3b<\/td>\n<td style=\"width: 81.7343%;text-align: center\">Gitta Lietz<\/td>\n<\/tr>\n<tr>\n<td style=\"width: 18.2657%;text-align: center\">3c<\/td>\n<td style=\"width: 81.7343%;text-align: center\">Aurelia K\u00f6nig<\/td>\n<\/tr>\n<tr>\n<td style=\"width: 18.2657%;text-align: center\">4a<\/td>\n<td style=\"width: 81.7343%;text-align: center\">Susanne K\u00fchhorn<\/td>\n<\/tr>\n<tr>\n<td style=\"width: 18.2657%;text-align: center\">4b<\/td>\n<td style=\"width: 81.7343%;text-align: center\">Sylvia Batz<\/td>\n<\/tr>\n<tr>\n<td style=\"width: 18.2657%;text-align: center\">4c<\/td>\n<td style=\"width: 81.7343%;text-align: center\">Stefanie Gampe<\/td>\n<\/tr>\n<\/tbody>\n<\/table>\n<p>[\/et_pb_text][et_pb_text _builder_version=&#8220;4.27.0&#8243; _module_preset=&#8220;default&#8220; custom_margin=&#8220;||0px||false|false&#8220; custom_padding=&#8220;||0px||false|false&#8220; global_colors_info=&#8220;{}&#8220;]<\/p>\n<h3>FachlehrerInnen:<\/h3>\n<h3>Religion:<\/h3>\n<p>Frau Dorina Peter (ev.), Frau Theresa Schwarzmann (rk.), Herr Johannes Ochs (rk.)<\/p>\n<h3>Werken und Gestalten:<\/h3>\n<p>Frau Wibke K\u00f6nig, Frau Petra Zahn<\/p>\n<h3>Lehramtsanw\u00e4rterinnen:<\/h3>\n<p>Frau Elena Heginger (1. Jahr), Frau Aurelia K\u00f6nig (2. Jahr)<\/p>\n<p>&nbsp;<\/p>\n<p>&nbsp;<\/p>\n<p>[\/et_pb_text][et_pb_image src=&#8220;http:\/\/grundschule-burgebrach.de\/WP\/wp-content\/uploads\/2025\/09\/Sprechstunden-2025-26-pdf.jpg&#8220; title_text=&#8220;Sprechstunden 2025-26&#8243; _builder_version=&#8220;4.27.4&#8243; _module_preset=&#8220;default&#8220; global_colors_info=&#8220;{}&#8220;][\/et_pb_image][\/et_pb_column][\/et_pb_row][\/et_pb_section][et_pb_section fb_built=&#8220;1&#8243; admin_label=&#8220;Finger weg!!! Sprungmarke f\u00fcr Schulleitung&#8220; module_id=&#8220;schulleitung&#8220; module_class=&#8220;anker&#8220; _builder_version=&#8220;4.19.0&#8243; _module_preset=&#8220;default&#8220; height=&#8220;50px&#8220; custom_margin=&#8220;-109px|||||&#8220; custom_padding=&#8220;0px||0px|||&#8220; global_colors_info=&#8220;{}&#8220;][\/et_pb_section][et_pb_section fb_built=&#8220;1&#8243; admin_label=&#8220;Hier weitermachen &#8211; Inhalt Schulleitung&#8220; _builder_version=&#8220;4.19.0&#8243; _module_preset=&#8220;default&#8220; custom_padding=&#8220;0px||0px|||&#8220; global_colors_info=&#8220;{}&#8220;][et_pb_row column_structure=&#8220;3_5,2_5&#8243; admin_label=&#8220;Zeile Schulleitung&#8220; _builder_version=&#8220;4.19.0&#8243; _module_preset=&#8220;default&#8220; width=&#8220;87%&#8220; module_alignment=&#8220;right&#8220; global_colors_info=&#8220;{}&#8220;][et_pb_column type=&#8220;3_5&#8243; _builder_version=&#8220;4.19.0&#8243; _module_preset=&#8220;default&#8220; global_colors_info=&#8220;{}&#8220;][et_pb_text _builder_version=&#8220;4.27.0&#8243; _module_preset=&#8220;default&#8220; global_colors_info=&#8220;{}&#8220;]<\/p>\n<h3>Schulleitung und Sekretariat<\/h3>\n<p>Unser Sekretariat managt in alt bew\u00e4hrter Weise liebevoll und kompetent Frau Anja Eckert.<\/p>\n<p>Das Sekretariat finden Sie im 1. Stock im alten Mittelschulgeb\u00e4ude.<\/p>\n<p>Telefonischer Kontakt: 09546\/59555510<\/p>\n<p>Neben dem Sekretariat finden Sie die Schulleiterin Frau Michaela Pe\u00dfler-Dengler, sowie die stellvertretende Schulleiterin Frau Gitta Lietz.<\/p>\n<p>&nbsp;<\/p>\n<p>[\/et_pb_text][\/et_pb_column][et_pb_column type=&#8220;2_5&#8243; _builder_version=&#8220;4.19.0&#8243; _module_preset=&#8220;default&#8220; global_colors_info=&#8220;{}&#8220;][et_pb_image src=&#8220;http:\/\/grundschule-burgebrach.de\/WP\/wp-content\/uploads\/2023\/09\/Dreierteam1-Zuschnitt-scaled.jpg&#8220; title_text=&#8220;Dreierteam1 Zuschnitt&#8220; _builder_version=&#8220;4.27.4&#8243; _module_preset=&#8220;default&#8220; global_colors_info=&#8220;{}&#8220;][\/et_pb_image][\/et_pb_column][\/et_pb_row][\/et_pb_section][et_pb_section fb_built=&#8220;1&#8243; admin_label=&#8220;Finger weg!!! Sprungmarke f\u00fcr Elternbeirat&#8220; module_id=&#8220;elternbeirat&#8220; module_class=&#8220;anker&#8220; _builder_version=&#8220;4.19.0&#8243; _module_preset=&#8220;default&#8220; height=&#8220;5px&#8220; custom_css_main_element=&#8220;padding: 0!important;&#8220; global_colors_info=&#8220;{}&#8220;][\/et_pb_section][et_pb_section fb_built=&#8220;1&#8243; admin_label=&#8220;Hier weitermachen &#8211; Inhalt Elternbeirat&#8220; _builder_version=&#8220;4.27.4&#8243; _module_preset=&#8220;default&#8220; custom_margin=&#8220;0px||20px||false|false&#8220; custom_padding=&#8220;0px||0px||false|false&#8220; global_colors_info=&#8220;{}&#8220;][et_pb_row _builder_version=&#8220;4.27.4&#8243; _module_preset=&#8220;default&#8220; global_colors_info=&#8220;{}&#8220;][et_pb_column type=&#8220;4_4&#8243; _builder_version=&#8220;4.19.0&#8243; _module_preset=&#8220;default&#8220; global_colors_info=&#8220;{}&#8220;][\/et_pb_column][\/et_pb_row][et_pb_row _builder_version=&#8220;4.27.4&#8243; _module_preset=&#8220;default&#8220; global_colors_info=&#8220;{}&#8220;][et_pb_column type=&#8220;4_4&#8243; _builder_version=&#8220;4.19.0&#8243; _module_preset=&#8220;default&#8220; global_colors_info=&#8220;{}&#8220;][et_pb_blurb title=&#8220;Elternbeirat 2025\/2026&#8243; content_max_width=&#8220;100%&#8220; _builder_version=&#8220;4.27.4&#8243; _module_preset=&#8220;default&#8220; global_colors_info=&#8220;{}&#8220;]<\/p>\n<h3><strong>Wir wollen die Chance nutzen Ihnen uns und unsere Arbeit kurz vorzustellen.<\/strong><\/h3>\n<p>Wir verstehen uns als Ansprechpartner und Mittler zwischen Eltern und Lehrern und unterst\u00fctzen die Grundschule Burgebrach bei der Planung und Durchf\u00fchrung von schulischen Veranstaltungen.<\/p>\n<p>Unser Ziel ist es, das Vertrauensverh\u00e4ltnis zwischen Eltern und Lehrern, die gemeinsam f\u00fcr die Bildung und Erziehung unserer Kinder verantwortlich sind, zu vertiefen und die Interessen der Eltern f\u00fcr die Bildung und Erziehung der Kinder zu wahren.<\/p>\n<p>Anregungen und W\u00fcnsche werden gerne entgegengenommen, in Sitzungen beraten und die Ergebnisse bekanntgegeben.<br \/>Da wir in verschiedenen schulischen Belangen ein Anh\u00f6rungs- bzw. Mitspracherecht haben, sind die Sitzungen in der Regel nicht \u00f6ffentlich<br \/>und alle Mitglieder des Elternbeirats unterliegen in diesem Bereich der Schweigepflicht.<\/p>\n<p>Verschiedene Projekte an der Schule werden durch uns unterst\u00fctzt. Dies gelingt aber nur durch die Hilfe der Eltern.<br \/>F\u00fcr die Zeit, die Sie z.B. f\u00fcr Bewirtungsaktionen zur Verf\u00fcgung stellen, sind wir sehr dankbar.<br \/>Weiterhin wird hierdurch das Gemeinschaftsgef\u00fchl gest\u00e4rkt und wir sind unseren Kindern ein gutes Vorbild.<br \/>Um Ihnen eine Vorstellung zu geben, welche Projekte von uns unterst\u00fctzt und durchgef\u00fchrt werden, m\u00f6chten wir gerne ein paar Aktivit\u00e4ten auflisten:<\/p>\n<ul>\n<li>Nikolausp\u00e4ckchen f\u00fcr die Erstkl\u00e4ssler<\/li>\n<li>Bewirtung der Eltern und zuk\u00fcnftigen Erstkl\u00e4ssler w\u00e4hrend des Schulspiels \/ Schuleinschreibung<\/li>\n<li>Planung und Brotzeit beim Ramadama (Umwelttag)<\/li>\n<li>Unterst\u00fctzung bei j\u00e4hrlich wechselnden Aktionen (Zirkusprojekt, Trommelzauber,\u2026)<\/li>\n<\/ul>\n<p>Liebe Eltern, wir hoffen auch weiterhin auf die tolle Unterst\u00fctzung, denn ohne SIE sind solche Aktivit\u00e4ten f\u00fcr Ihre Kinder nicht m\u00f6glich.<\/p>\n<ol>\n<li>Vorsitzende: Jasmin Gl\u00fcck<\/li>\n<li>Vorsitzender: Daniel D\u00fcrbeck<\/li>\n<\/ol>\n<p>Weitere Mitglieder:<\/p>\n<p>Michael Doppernas, Nicole Dre\u00dfel, Marc Liebscher, Daniela Ludwig, Ricardo Rabe, Lena Stich, Juliane Schumm, Markus Trunk, Katja Wolf, Laura Waltrapp<\/p>\n<p>Bei Fragen, W\u00fcnsche, Anregungen, Sorgen,&#8230;. kontaktieren Sie uns gerne \u00fcber <a href=\"mailto:elternbeirat@gs-burgebrach.de\">elternbeirat@gs-burgebrach.de<\/a> .<\/p>\n<p>[\/et_pb_blurb][\/et_pb_column][\/et_pb_row][\/et_pb_section][et_pb_section fb_built=&#8220;1&#8243; admin_label=&#8220;Finger weg!!! Sprungmarke f\u00fcr Schulberatung&#8220; module_id=&#8220;schulberatung&#8220; module_class=&#8220;anker&#8220; _builder_version=&#8220;4.27.4&#8243; _module_preset=&#8220;default&#8220; height=&#8220;0px&#8220; custom_css_main_element=&#8220;padding:0px!important;&#8220; global_colors_info=&#8220;{}&#8220;][\/et_pb_section][et_pb_section fb_built=&#8220;1&#8243; admin_label=&#8220;Hier weitermachen &#8211; Inhalt Schulberatung&#8220; _builder_version=&#8220;4.27.4&#8243; _module_preset=&#8220;default&#8220; custom_margin=&#8220;0px||20px||false|false&#8220; custom_padding=&#8220;0px||0px||false|false&#8220; global_colors_info=&#8220;{}&#8220;][et_pb_row column_structure=&#8220;1_2,1_2&#8243; admin_label=&#8220;Zeile Schulberatung&#8220; _builder_version=&#8220;4.27.4&#8243; _module_preset=&#8220;default&#8220; global_colors_info=&#8220;{}&#8220;][et_pb_column type=&#8220;1_2&#8243; _builder_version=&#8220;4.19.0&#8243; _module_preset=&#8220;default&#8220; global_colors_info=&#8220;{}&#8220;][et_pb_text _builder_version=&#8220;4.27.4&#8243; _module_preset=&#8220;default&#8220; global_colors_info=&#8220;{}&#8220;]<\/p>\n<h2>SCHULBERATUNG<\/h2>\n<p>[\/et_pb_text][\/et_pb_column][et_pb_column type=&#8220;1_2&#8243; _builder_version=&#8220;4.27.4&#8243; _module_preset=&#8220;default&#8220; global_colors_info=&#8220;{}&#8220;][\/et_pb_column][\/et_pb_row][\/et_pb_section][et_pb_section fb_built=&#8220;1&#8243; admin_label=&#8220;Hier weitermachen &#8211; Inhalt Schulberatung&#8220; _builder_version=&#8220;4.27.4&#8243; _module_preset=&#8220;default&#8220; custom_margin=&#8220;0px||20px||false|false&#8220; custom_padding=&#8220;0px||0px||false|false&#8220; global_colors_info=&#8220;{}&#8220;][et_pb_row column_structure=&#8220;1_2,1_2&#8243; admin_label=&#8220;Zeile Schulberatung&#8220; _builder_version=&#8220;4.27.4&#8243; _module_preset=&#8220;default&#8220; global_colors_info=&#8220;{}&#8220;][et_pb_column type=&#8220;1_2&#8243; _builder_version=&#8220;4.19.0&#8243; _module_preset=&#8220;default&#8220; global_colors_info=&#8220;{}&#8220;][et_pb_text _builder_version=&#8220;4.27.4&#8243; _module_preset=&#8220;default&#8220; global_colors_info=&#8220;{}&#8220;]<\/p>\n<p>Informationen zur Schulberatung finden Sie unter:<\/p>\n<p><a href=\"http:\/\/grundschule-burgebrach.de\/WP\/wp-content\/uploads\/2024\/09\/Plakat-A4_Schulberatung-BLK-Scholz-2024.pdf\">http:\/\/grundschule-burgebrach.de\/WP\/wp-content\/uploads\/2024\/09\/Plakat-A4_Schulberatung-BLK-Scholz-2024.pdf<\/a><\/p>\n<p>[\/et_pb_text][\/et_pb_column][et_pb_column type=&#8220;1_2&#8243; _builder_version=&#8220;4.19.0&#8243; _module_preset=&#8220;default&#8220; global_colors_info=&#8220;{}&#8220;][et_pb_text _builder_version=&#8220;4.27.0&#8243; _module_preset=&#8220;default&#8220; global_colors_info=&#8220;{}&#8220;]<\/p>\n<p>Das Anmeldeformular zur Schulberatung k\u00f6nnen Sie hier downloaden:<\/p>\n<p><a href=\"http:\/\/grundschule-burgebrach.de\/WP\/wp-content\/uploads\/2024\/09\/2024_BL-Scholz-Elterneinverstaendnis-Anmeldung-Beratung.pdf\">http:\/\/grundschule-burgebrach.de\/WP\/wp-content\/uploads\/2024\/09\/2024_BL-Scholz-Elterneinverstaendnis-Anmeldung-Beratung.pdf<\/a><\/p>\n<p>[\/et_pb_text][\/et_pb_column][\/et_pb_row][\/et_pb_section][et_pb_section fb_built=&#8220;1&#8243; admin_label=&#8220;Hier weitermachen &#8211; Inhalt Externe Partner &#8220; module_id=&#8220;externepartner&#8220; _builder_version=&#8220;4.19.0&#8243; _module_preset=&#8220;default&#8220; custom_margin=&#8220;0px||20px||false|false&#8220; custom_padding=&#8220;0px||0px||false|false&#8220; global_colors_info=&#8220;{}&#8220;][et_pb_row admin_label=&#8220;Zeile FELI &#8211; Universit\u00e4t Bamberg&#8220; _builder_version=&#8220;4.19.0&#8243; _module_preset=&#8220;default&#8220; global_colors_info=&#8220;{}&#8220;][et_pb_column type=&#8220;4_4&#8243; _builder_version=&#8220;4.19.0&#8243; _module_preset=&#8220;default&#8220; global_colors_info=&#8220;{}&#8220;][et_pb_text _builder_version=&#8220;4.19.0&#8243; _module_preset=&#8220;default&#8220; global_colors_info=&#8220;{}&#8220;]<\/p>\n<h2>&#8222;RoboCallKids&#8220; und die interdisziplin\u00e4re<\/h2>\n<h2>Forschungsgruppe f\u00fcr Elementarinformatik (FELI)<\/h2>\n<h5>Seit 2017 besteht die Kooperation zwischen unserer Schule und der Universit\u00e4t Bamberg.<\/h5>\n<h5>Dabei steht informatisches Denken im Fokus unserer Lehr- und Lernkooperation, die in unserem Schulprojekt &#8222;RoboCallKids&#8220; grundlegend verankert ist:<\/h5>\n<h5>Ziel unseres umfassenden Schulkonzepts ist es,<\/h5>\n<h5>einen kindorientierten, kompetenten wie reflektierten Umgang im WWW \u00fcber den Medienf\u00fchrerschein anzubahnen,<\/h5>\n<h5>grundlegende Begriffe und Operatoren der Informatik zu vermitteln und<\/h5>\n<h5>Algorithmen\/Programme u.a. anhand visueller Programmier-sprachen zu erstellen und diese u.a. an Endger\u00e4ten zu erproben.<\/h5>\n<h5>Dabei liegt die Besonderheit des Projekts in der Ausgewogenheit analoger und digitaler Lehr- und Lernarrangements, um die habtische Wahrnehmung der Kinder ebenso zu schulen wie den kompetenten Umgang in digitalen Lernarrangements.<\/h5>\n<h5>Informatische Bildung fordert logisches Denken und f\u00fchrt \u00fcber das Programmieren visueller Program-miersprachen zu einer (heraus-) fordernden Lernumgebung und einer systematischen Fehleranalyse, die ein gesundes Fehlerverst\u00e4ndnis grundlegt.<\/h5>\n<h5>Dar\u00fcberhinaus zielt das informatische (Schul-)Projekt &#8222;RoboCallKids&#8220; weiterf\u00fchrend auf einen kompetenten Umgang mit Tablet\/Co.<\/h5>\n<h5>\u00a0<\/h5>\n<p>[\/et_pb_text][\/et_pb_column][\/et_pb_row][et_pb_row admin_label=&#8220;Zeile Ebrachtaler Musikanten&#8220; _builder_version=&#8220;4.19.0&#8243; _module_preset=&#8220;default&#8220; global_colors_info=&#8220;{}&#8220;][et_pb_column type=&#8220;4_4&#8243; _builder_version=&#8220;4.19.0&#8243; _module_preset=&#8220;default&#8220; global_colors_info=&#8220;{}&#8220;][et_pb_text _builder_version=&#8220;4.19.0&#8243; _module_preset=&#8220;default&#8220; global_colors_info=&#8220;{}&#8220;]<\/p>\n<h2>Ebrachtaler Musikanten<\/h2>\n<p>Ab der dritten Klasse k\u00f6nnen die Kinder ein Blasinstrument erlernen. Mitglieder der Ebrachtaler Musikanten geben eine Stunde pro Woche Instrumentalunterricht. Im Ensemble unter Leitung von Nina Brunner wird anschlie\u00dfend gemeinsam musiziert.<\/p>\n<p>[\/et_pb_text][\/et_pb_column][\/et_pb_row][et_pb_row column_structure=&#8220;2_5,3_5&#8243; _builder_version=&#8220;4.27.4&#8243; _module_preset=&#8220;default&#8220; global_colors_info=&#8220;{}&#8220;][et_pb_column type=&#8220;2_5&#8243; _builder_version=&#8220;4.27.0&#8243; _module_preset=&#8220;default&#8220; global_colors_info=&#8220;{}&#8220;][\/et_pb_column][et_pb_column type=&#8220;3_5&#8243; _builder_version=&#8220;4.27.0&#8243; _module_preset=&#8220;default&#8220; global_colors_info=&#8220;{}&#8220;][\/et_pb_column][\/et_pb_row][\/et_pb_section]<\/p>\n","protected":false},"excerpt":{"rendered":"<p>Kollegium 2025\/26 Klassenlehrerinnen 1a Quirina Morhard 1b Wencke Engel-Wendel 1c Margit Endres 2a Kim Kr\u00f6ckel 2b Astrid Hoffart 2c Katharina von K\u00f6ckritz 3a Carina Neubauer 3b Gitta Lietz 3c Aurelia K\u00f6nig 4a Susanne K\u00fchhorn 4b Sylvia Batz 4c Stefanie Gampe FachlehrerInnen: Religion: Frau Dorina Peter (ev.), Frau Theresa Schwarzmann (rk.), Herr Johannes Ochs (rk.) Werken [&hellip;]<\/p>\n","protected":false},"author":5,"featured_media":0,"parent":0,"menu_order":0,"comment_status":"closed","ping_status":"closed","template":"","meta":{"_et_pb_use_builder":"on","_et_pb_old_content":"","_et_gb_content_width":"","footnotes":""},"class_list":["post-51593","page","type-page","status-publish","hentry"],"_links":{"self":[{"href":"https:\/\/grundschule-burgebrach.de\/WP\/wp-json\/wp\/v2\/pages\/51593","targetHints":{"allow":["GET"]}}],"collection":[{"href":"https:\/\/grundschule-burgebrach.de\/WP\/wp-json\/wp\/v2\/pages"}],"about":[{"href":"https:\/\/grundschule-burgebrach.de\/WP\/wp-json\/wp\/v2\/types\/page"}],"author":[{"embeddable":true,"href":"https:\/\/grundschule-burgebrach.de\/WP\/wp-json\/wp\/v2\/users\/5"}],"replies":[{"embeddable":true,"href":"https:\/\/grundschule-burgebrach.de\/WP\/wp-json\/wp\/v2\/comments?post=51593"}],"version-history":[{"count":164,"href":"https:\/\/grundschule-burgebrach.de\/WP\/wp-json\/wp\/v2\/pages\/51593\/revisions"}],"predecessor-version":[{"id":56160,"href":"https:\/\/grundschule-burgebrach.de\/WP\/wp-json\/wp\/v2\/pages\/51593\/revisions\/56160"}],"wp:attachment":[{"href":"https:\/\/grundschule-burgebrach.de\/WP\/wp-json\/wp\/v2\/media?parent=51593"}],"curies":[{"name":"wp","href":"https:\/\/api.w.org\/{rel}","templated":true}]}}