{"id":51406,"date":"2022-04-17T19:14:16","date_gmt":"2022-04-17T17:14:16","guid":{"rendered":"http:\/\/grundschule-burgebrach.de\/WP\/?page_id=51406"},"modified":"2026-02-13T10:01:13","modified_gmt":"2026-02-13T09:01:13","slug":"aktionen__trashed","status":"publish","type":"page","link":"https:\/\/grundschule-burgebrach.de\/WP\/aktionen__trashed\/","title":{"rendered":"Aktionen"},"content":{"rendered":"<p>[et_pb_section fb_built=&#8220;1&#8243; _builder_version=&#8220;4.19.0&#8243; _module_preset=&#8220;default&#8220; global_colors_info=&#8220;{}&#8220;][et_pb_row admin_label=&#8220;Zeile 1000 Jahre Burgebrach&#8220; _builder_version=&#8220;4.19.0&#8243; _module_preset=&#8220;default&#8220; global_colors_info=&#8220;{}&#8220;][et_pb_column type=&#8220;4_4&#8243; _builder_version=&#8220;4.19.0&#8243; _module_preset=&#8220;default&#8220; global_colors_info=&#8220;{}&#8220;][et_pb_text admin_label=&#8220;Text-Bauernhof&#8220; _builder_version=&#8220;4.27.0&#8243; _module_preset=&#8220;default&#8220; global_colors_info=&#8220;{}&#8220;]<\/p>\n<h2>Theaterfahrt und Bauernhofbesuch<\/h2>\n<p>Am Donnerstag, 21.11.24 und Freitag, 22.11.24 gab es in der Grundschule einen besonderen Schultag.<\/p>\n<p>Wir besuchten den Erlebnisbauernhof Seeberger in Hemhofen und anschlie\u00dfend das Theater Kuckucksheim in Heppst\u00e4dt.<\/p>\n<p>Auf dem Bauernhof tauchten wir in ein besonderes Weihnachtserlebnis ein. Inmitten einer Lebendkrippe mit Schafen, Ochs und Esel lauschten die Kinder auf die Ger\u00e4usche im Stall. Leises Muhen und Bl\u00f6ken begleitete dabei die Weihnachtsgeschichte. Alle Tiere durften gestreichelt werden.<\/p>\n<p>Danach schauten wir in Heppst\u00e4dt die irrwitzige Tierkom\u00f6die &#8222;Tanz der Tiere&#8220; an.<\/p>\n<p>&nbsp;<\/p>\n<p>&nbsp;<br \/>\n[\/et_pb_text][et_pb_text admin_label=&#8220;Text-Sch\u00fclerrat&#8220; _builder_version=&#8220;4.19.0&#8243; _module_preset=&#8220;default&#8220; global_colors_info=&#8220;{}&#8220;]<\/p>\n<h2>Sch\u00fclerrat der Grundschule<\/h2>\n<p>Nach jeden Ferien traf sich der Sch\u00fclerrat der Grundschule im Klassenzimmer von Frau Lietz, um Themen anzusprechen, die die ganze Schule betreffen und in einzelnen Klassen aufgeschlagen sind.<\/p>\n<p>In der ersten Sitzung einigte sich der Sch\u00fclerrat als Sprecher aller Sch\u00fcler darauf, wohin die Spenden des Apfelmarktes gehen sollen.<\/p>\n<p>In den folgenden Sitzungen w\u00fcnschte sich der Sch\u00fclerrat eine Freundschaftsbank. Mit Hilfe des Elternbeirates wurde eine Bank organisiert, die die Sch\u00fcler nun in Eigenregie anmalen d\u00fcrfen. Vorher rief der Sch\u00fclerrat einen Malwettbewerb aus. Eine schulweite Abstimmung brachte das Siegerbild hervor.<br \/>\n[\/et_pb_text][et_pb_text admin_label=&#8220;Text-Zirkusprojektwoche &#8220; _builder_version=&#8220;4.19.0&#8243; _module_preset=&#8220;default&#8220; global_colors_info=&#8220;{}&#8220;]<\/p>\n<h2>Zirkusprojektwoche: &#8222;Vorhang auf und Manege frei&#8220; &#8211; f\u00fcr Kinder!<\/h2>\n<p>Die erste Maiwoche stand ganz im Zeichen des \u00dcbens, \u00dcbens und nochmals \u00dcbens. Gemeinsam mit der Zirkusfamilie Lauenburger und den begleitenden Lehrkr\u00e4ften trainierten die Kinder ihre jeweils gew\u00e4hlte Station ein. Bereits im Januar konnte jedes Kind, nachdem es alle Stationen kennengelernt hatte, zwei Wunschstationen angeben. W\u00e4hrend der Zirkuswoche trainierten die Kinder an einer Station in die Tiefe und bissen sich sowohl durch die Einzel-, Partner- und oder Team\u00fcbungen als auch durch den Ablauf des Manegeauftritts.<\/p>\n<p>Am Ende pr\u00e4sentierten die Kinder ihr K\u00f6nnen im Rahmen von vier Vorstellungen ihren Eltern, Verwandten, Bekannten in einer echten Manege im Zirkuszelt der Lauenburgers. Das Lampenfieber der &#8211; Akrobaten, Tellerdreher, Jongleure, Slackliner, Hula-Hooper, Clowns und Diaboloakrobaten &#8211;\u00a0 \u00a0im Vorfeld war gro\u00df und sorgte f\u00fcr viel Spannung, die sich im Laufe des Auftritts in Stolz verwandelte.<\/p>\n<p>Und dieser bewirkte Positives bei den Kindern:\u00a0 So formulierten Jakob und Michael: &#8222;Das war ein sch\u00f6nes Kribbelgef\u00fchl im Bauch kurz vor dem Auftritt&#8220;. Im Nachgang erkannten die Kinder, dass sich das Zuh\u00f6ren, das Aufmerksamsein, das flei\u00dfige \u00dcben, das sich Fordern und das Zusammenhalten \u201eein gutes Gef\u00fchl im Bauch\u201c macht, wie ein Kind treffend abschlie\u00dfend zusammenfasste.<br \/>\n[\/et_pb_text][et_pb_text admin_label=&#8220;Text-Freaky-Bamberg &#8220; _builder_version=&#8220;4.19.0&#8243; _module_preset=&#8220;default&#8220; global_colors_info=&#8220;{}&#8220;]<\/p>\n<h2>Freaky-Basketball mit den Brose-Baskets<\/h2>\n<p>Seit dem 18. M\u00e4rz besuchten uns &#8211; \u00fcber eine Woche hinweg &#8211; Simon und Niklas der Brose-Baskets und boten tolle Spiele und \u00dcbungen des Basketballs an.<\/p>\n<p>Herzlichen Dank f\u00fcr das sportliche Projekt!<\/p>\n<p>&nbsp;<\/p>\n<p>&nbsp;<br \/>\n[\/et_pb_text][et_pb_text admin_label=&#8220;Text-Einschulung &#8220; _builder_version=&#8220;4.19.0&#8243; _module_preset=&#8220;default&#8220; global_colors_info=&#8220;{}&#8220;]<\/p>\n<h2>Einschulung mit tatkr\u00e4ftiger Unterst\u00fctzung<\/h2>\n<p>Am 28. Februar besuchten uns zum Schulspiel unsere neuen ABC-Sch\u00fctzen aus dem Kindergarten mit ihren Eltern. F\u00fcr die Verk\u00f6stigung der Eltern sorgten zahlreiche, tolle Kuchen aus der Elternschaft und der engagierte Elternbeirat.<\/p>\n<p>Herzlichen Dank f\u00fcr Ihre Unterst\u00fctzung!!<\/p>\n<p>&nbsp;<\/p>\n<p>&nbsp;<br \/>\n[\/et_pb_text][et_pb_text admin_label=&#8220;Text-Fasching &#8220; _builder_version=&#8220;4.19.0&#8243; _module_preset=&#8220;default&#8220; global_colors_info=&#8220;{}&#8220;]<\/p>\n<h2>Fasching pur!<\/h2>\n<p>Alle Klassen waren zusammen in der Schulhauspolonaise unterwegs und tanzten ausgiebig zur Faschingschartliste in der Grundschulaula. Zwei Klassen besuchten unsere Kooperationspartner im Don-Bosco-F\u00f6rderzentrum und erlebten Reiner Wenzel mit seinen handlungsorientierten musikalischen Darbietungen.<\/p>\n<p>&nbsp;<\/p>\n<p>&nbsp;<br \/>\n[\/et_pb_text][et_pb_text admin_label=&#8220;Text-Schnuppertag Zirkus1&#8243; _builder_version=&#8220;4.19.0&#8243; _module_preset=&#8220;default&#8220; global_colors_info=&#8220;{}&#8220;]<\/p>\n<h2>Schnuppertag Zirkuswoche<\/h2>\n<p>Zur Vorbereitung auf die Zirkuswoche im Mai (05.-09.05.2024) konnten unsere Schulkinder an einem Schnuppertag im Januar die Stationen kennenlernen.<\/p>\n<p>&nbsp;<br \/>\n[\/et_pb_text][et_pb_text admin_label=&#8220;Text-Theaterbesuch&#8220; _builder_version=&#8220;4.19.0&#8243; _module_preset=&#8220;default&#8220; global_colors_info=&#8220;{}&#8220;]<\/p>\n<h2>Weihnachtsgeschichte im ETA-Hoffmann-Theater<\/h2>\n<p>Der Theaterbesuch mit der Weihnachtsgeschichte &#8222;Der Satanarch\u00e4ol\u00fcgenialkoh\u00f6llisch Wunschpunsch&#8220; begeisterte alle, kleine wie gro\u00dfe Besucher, unserer Schulfamilie.<\/p>\n<p>&nbsp;<\/p>\n<p>&nbsp;<br \/>\n[\/et_pb_text][et_pb_text admin_label=&#8220;Text-Lesekinos&#8220; _builder_version=&#8220;4.19.0&#8243; _module_preset=&#8220;default&#8220; global_colors_info=&#8220;{}&#8220;]<\/p>\n<h2>Tag des Vorlesens<\/h2>\n<p>Am Tag des Vorlesens fanden in allen Jahrgangsstufen klassen\u00fcbergreifend Lese-\/B\u00fccherkinos statt, die alle zum (Vor-)lesen, Zuh\u00f6ren und Staunen einluden.<\/p>\n<p>&nbsp;<\/p>\n<p>&nbsp;<br \/>\n[\/et_pb_text][et_pb_text admin_label=&#8220;Text-Digitale GS-Auszeichnung 2te&#8220; _builder_version=&#8220;4.19.0&#8243; _module_preset=&#8220;default&#8220; global_colors_info=&#8220;{}&#8220;]<\/p>\n<h2>Digitale Grundschule die Zweite<\/h2>\n<p>Als eine der wenigen Grundschulen freuen wir uns\u00a0 &#8211;\u00a0 \u00fcber die erneute Auszeichnung &#8222;Digitale (Grund-)schule&#8220; (2023-2026) der national angelegten Initiative &#8222;MINT Zukunft schaffen&#8220;.<\/p>\n<p>Das verliehene Signet erhielten 140 Schulen Bayerns. Es verdeutlicht Bildung als Zukunftsfokus f\u00fcr ein modernes, digitales Bayern, um neue Techniken sowohl sinnvoll und gekonnt zu nutzen als auch mitzuentwickeln.<\/p>\n<p>Der Forschergeist unserer Lerner ist demnach dabei besonders gefragt.<\/p>\n<p>&nbsp;<br \/>\n[\/et_pb_text][et_pb_text admin_label=&#8220;Text-KI-Schulmalwettbewerb&#8220; _builder_version=&#8220;4.19.0&#8243; _module_preset=&#8220;default&#8220; global_colors_info=&#8220;{}&#8220;]<\/p>\n<h2>Freundliche Roboter<\/h2>\n<p>Unser Kooperationspartner, die Forschungsgruppe Elementarinformatik (FELI) der Universit\u00e4t Bamberg, stellte vom 23.10.-05.11.2023 im Smartcity-B\u00fcrgerlabor Bilder, die u.a. unsere Grundschulkinder zum Thema K\u00fcnstliche Intelligenz (KI) gemalt haben, aus.<\/p>\n<p>Was sich Grundschulkinder der dritten und vierten Jahrgangsstufe\u00a0 unter KI vorstellen, zeigen die kreativen Malbeitr\u00e4ge, die im Kontext eines Schulmalwettbewerbs entstanden.<\/p>\n<p>Prof. (em.) Dr. Laux, Leiter des Lehrstuhls f\u00fcr Pers\u00f6nlichkeitspsychologie und Psychologische Diagnostik der Universit\u00e4t Bamberg, mit dem Arbeits- und Forschungsschwerpunkt \u201eKreativit\u00e4t\u201c fiel besonders die Zugewandtheit auf, die die Kinder mit ihren Bildern zum Ausdruck bringen. Damit verdeutlichen die Bilder eine grundlegend positiv gestimmte Darstellung von KI, die u.a. in Form von zahlreichen, freundlich l\u00e4chelnden Robotern auf den Werken zu entdecken ist.<br \/>\n[\/et_pb_text][et_pb_text admin_label=&#8220;Text-SchiLF&#8220; _builder_version=&#8220;4.19.0&#8243; _module_preset=&#8220;default&#8220; global_colors_info=&#8220;{}&#8220;]<\/p>\n<h2>SchiLF auf dem Augmented- Reality-Lehrpfad<\/h2>\n<p>In sogenannten &#8222;Schulinternen-Lehrerfortbildungen&#8220;, kurz SchiLFs, lehren und lernen wir als Kollegium mit- und voneinander.<\/p>\n<p>Burgebrachs moderner Lehrpfad bietet eine Informationsplattform \u00fcber Burgebrach und dem \u00d6kosystem Wald, in dem einem dann u.a. eine mystische Wurzelgestalt, eine freundliche Hexe oder ein Einhorn begegnen.<\/p>\n<p>Ein guter Grund das Lernen nach drau\u00dfen zu verlagern.<br \/>\n[\/et_pb_text][et_pb_text admin_label=&#8220;Text-Spenden\u00fcbergabe&#8220; _builder_version=&#8220;4.19.0&#8243; _module_preset=&#8220;default&#8220; global_colors_info=&#8220;{}&#8220;]<\/p>\n<h2>Apfelmarkt: Spenden &#8211;\u00a0 an das Kinderhospiz &#8222;Sternenhimmel&#8220;<\/h2>\n<p>Im Rahmen der 1000-Jahr-Feier fand der traditionelle Apfelmarkt des Landkreises in Burgebrach statt.<\/p>\n<p>Die Schulfamilie der Grund- und Mittelschule erwirtschaftete an ihren beiden St\u00e4nden 3000\u20ac Spendengelder, die am 06. Oktober offiziell an das Hospiz \u00fcberreicht wurden.<\/p>\n<p>Einen herzlichen Dank an alle Spender!<br \/>\n[\/et_pb_text][et_pb_text admin_label=&#8220;Text-Apfelmarkt&#8220; _builder_version=&#8220;4.19.0&#8243; _module_preset=&#8220;default&#8220; global_colors_info=&#8220;{}&#8220;]<\/p>\n<h2>1000 Jahre Burgebrach &#8211; Apfelmarkt<\/h2>\n<p>Heuer fand im Rahmen der 1000-Jahr-Feier der traditionelle Apfelmarkt des Landkreises in Burgebrach statt.<\/p>\n<p>Im Rahmen dieser Aktion gestaltete die Schulfamilie einen Stand und sammelte Spenden f\u00fcr das Kinderhospiz &#8222;Sternenzelt&#8220; in Bamberg. Insgesamt erzielten die Kinder mit ihren selbstgebastelten Sachen rund um den Apfel beachtliche 1155,57 \u20ac.<\/p>\n<p>Ein herzliches Dankesch\u00f6n an alle Mitwirkenden!<br \/>\n[\/et_pb_text][\/et_pb_column][\/et_pb_row][\/et_pb_section][et_pb_section fb_built=&#8220;1&#8243; admin_label=&#8220;Finger weg!!! -Aktionen der einzelnen Klassen&#8220; _builder_version=&#8220;4.17.4&#8243; custom_margin=&#8220;|0px|100px|0px|false|true&#8220; custom_padding=&#8220;0px|0px|10px|0px|false|false&#8220; global_colors_info=&#8220;{}&#8220;][et_pb_row admin_label=&#8220;Finger weg!!! Zeile&#8220; _builder_version=&#8220;4.17.1&#8243; custom_padding=&#8220;|0px||0px|false|false&#8220; global_colors_info=&#8220;{}&#8220;][et_pb_column type=&#8220;4_4&#8243; _builder_version=&#8220;4.16&#8243; custom_padding=&#8220;|||&#8220; global_colors_info=&#8220;{}&#8220; custom_padding__hover=&#8220;|||&#8220;][et_pb_text admin_label=&#8220;Finger weg!!! \u00dcberschrift&#8220; _builder_version=&#8220;4.17.1&#8243; text_font=&#8220;Open Sans|700|||||||&#8220; text_text_color=&#8220;#000000&#8243; text_font_size=&#8220;30px&#8220; header_font=&#8220;Open Sans|700|||||||&#8220; header_text_color=&#8220;#3B6AA0&#8243; header_2_font=&#8220;Open Sans|700|||||||&#8220; header_2_text_color=&#8220;#3B6AA0&#8243; header_2_font_size=&#8220;48px&#8220; header_2_line_height=&#8220;1.4em&#8220; text_orientation=&#8220;center&#8220; text_font_size_tablet=&#8220;&#8220; text_font_size_phone=&#8220;20px&#8220; text_font_size_last_edited=&#8220;on|desktop&#8220; global_colors_info=&#8220;{}&#8220;]<\/p>\n<h2>Aktionen der einzelnen Klassen<\/h2>\n<p>[\/et_pb_text][\/et_pb_column][\/et_pb_row][et_pb_row column_structure=&#8220;1_4,1_4,1_4,1_4&#8243; use_custom_gutter=&#8220;on&#8220; gutter_width=&#8220;1&#8243; make_equal=&#8220;on&#8220; admin_label=&#8220;Finger weg!!! Zeile&#8220; _builder_version=&#8220;4.16&#8243; custom_padding=&#8220;0px||0px||true|false&#8220; border_color_all=&#8220;#e5e5e5&#8243; global_colors_info=&#8220;{}&#8220; image_icon_width_tablet=&#8220;30%&#8220; image_icon_width_phone=&#8220;30%&#8220; image_icon_width_last_edited=&#8220;on|desktop&#8220;][et_pb_column type=&#8220;1_4&#8243; _builder_version=&#8220;4.16&#8243; custom_padding=&#8220;0px||0px||true|false&#8220; global_colors_info=&#8220;{}&#8220; custom_padding__hover=&#8220;|||&#8220;][et_pb_blurb url=&#8220;@ET-DC@eyJkeW5hbWljIjp0cnVlLCJjb250ZW50IjoicG9zdF9saW5rX3VybF9wYWdlIiwic2V0dGluZ3MiOnsicG9zdF9pZCI6IjUyOTgyIiwiZW5hYmxlX2h0bWwiOiJvZmYifX0=@&#8220; image=&#8220;http:\/\/grundschule-burgebrach.de\/WP\/wp-content\/uploads\/2022\/06\/1zu.png&#8220; image_icon_width=&#8220;50%&#8220; content_max_width=&#8220;100%&#8220; image_icon_width_tablet=&#8220;30%&#8220; image_icon_width_phone=&#8220;30%&#8220; image_icon_width_last_edited=&#8220;on|desktop&#8220; admin_label=&#8220;Finger weg!!! Bild-1.Klasse&#8220; _builder_version=&#8220;4.17.4&#8243; _dynamic_attributes=&#8220;url&#8220; header_font=&#8220;Open Sans|600|||||||&#8220; header_text_align=&#8220;center&#8220; header_text_color=&#8220;#3B6AA0&#8243; header_font_size=&#8220;25px&#8220; header_line_height=&#8220;1.4em&#8220; body_font=&#8220;Nunito Sans||||||||&#8220; body_text_align=&#8220;center&#8220; body_text_color=&#8220;#5499D4&#8243; image_icon_custom_margin=&#8220;0px||0px||true|false&#8220; image_icon_custom_padding=&#8220;0px||0px||true|false&#8220; custom_padding=&#8220;0px||0px||true|false&#8220; animation=&#8220;off&#8220; border_color_all=&#8220;#e5e5e5&#8243; icon_font_size=&#8220;51px&#8220; global_colors_info=&#8220;{}&#8220; image__hover_enabled=&#8220;on|hover&#8220; image__hover=&#8220;http:\/\/grundschule-burgebrach.de\/WP\/wp-content\/uploads\/2022\/06\/1.png&#8220;][\/et_pb_blurb][\/et_pb_column][et_pb_column type=&#8220;1_4&#8243; _builder_version=&#8220;4.16&#8243; custom_padding=&#8220;0px||0px||true|false&#8220; global_colors_info=&#8220;{}&#8220; custom_padding__hover=&#8220;|||&#8220;][et_pb_blurb url=&#8220;@ET-DC@eyJkeW5hbWljIjp0cnVlLCJjb250ZW50IjoicG9zdF9saW5rX3VybF9wYWdlIiwic2V0dGluZ3MiOnsicG9zdF9pZCI6IjUxNTI2IiwiZW5hYmxlX2h0bWwiOiJvZmYifX0=@&#8220; image=&#8220;http:\/\/grundschule-burgebrach.de\/WP\/wp-content\/uploads\/2022\/06\/2zu.png&#8220; image_icon_width=&#8220;50%&#8220; content_max_width=&#8220;100%&#8220; image_icon_width_tablet=&#8220;30%&#8220; image_icon_width_phone=&#8220;30%&#8220; image_icon_width_last_edited=&#8220;on|desktop&#8220; admin_label=&#8220;Finger weg!!! Bild-2.Klasse&#8220; _builder_version=&#8220;4.17.4&#8243; _dynamic_attributes=&#8220;url&#8220; header_font=&#8220;Open Sans|600|||||||&#8220; header_text_align=&#8220;center&#8220; header_text_color=&#8220;#3B6AA0&#8243; header_font_size=&#8220;25px&#8220; header_line_height=&#8220;1.4em&#8220; body_font=&#8220;Nunito Sans||||||||&#8220; body_text_align=&#8220;center&#8220; body_text_color=&#8220;#5499D4&#8243; image_icon_custom_margin=&#8220;0px||0px||true|false&#8220; image_icon_custom_padding=&#8220;0px||0px||true|false&#8220; custom_padding=&#8220;0px||0px||true|false&#8220; animation=&#8220;off&#8220; border_color_all=&#8220;#e5e5e5&#8243; icon_font_size=&#8220;51px&#8220; global_colors_info=&#8220;{}&#8220; image__hover_enabled=&#8220;on|hover&#8220; image__hover=&#8220;http:\/\/grundschule-burgebrach.de\/WP\/wp-content\/uploads\/2022\/06\/2.png&#8220;][\/et_pb_blurb][\/et_pb_column][et_pb_column type=&#8220;1_4&#8243; _builder_version=&#8220;4.16&#8243; custom_padding=&#8220;0px||0px||true|false&#8220; global_colors_info=&#8220;{}&#8220; custom_padding__hover=&#8220;|||&#8220;][et_pb_blurb url=&#8220;@ET-DC@eyJkeW5hbWljIjp0cnVlLCJjb250ZW50IjoicG9zdF9saW5rX3VybF9wYWdlIiwic2V0dGluZ3MiOnsicG9zdF9pZCI6IjUyOTg1IiwiZW5hYmxlX2h0bWwiOiJvZmYifX0=@&#8220; image=&#8220;http:\/\/grundschule-burgebrach.de\/WP\/wp-content\/uploads\/2022\/06\/3zu.png&#8220; image_icon_width=&#8220;50%&#8220; content_max_width=&#8220;100%&#8220; image_icon_width_tablet=&#8220;30%&#8220; image_icon_width_phone=&#8220;30%&#8220; image_icon_width_last_edited=&#8220;on|desktop&#8220; admin_label=&#8220;Finger weg!!! Bild-3.Klasse&#8220; _builder_version=&#8220;4.17.4&#8243; _dynamic_attributes=&#8220;url&#8220; header_font=&#8220;Open Sans|600|||||||&#8220; header_text_align=&#8220;center&#8220; header_text_color=&#8220;#3B6AA0&#8243; header_font_size=&#8220;25px&#8220; header_line_height=&#8220;1.4em&#8220; body_font=&#8220;Nunito Sans||||||||&#8220; body_text_align=&#8220;center&#8220; body_text_color=&#8220;#5499D4&#8243; image_icon_custom_margin=&#8220;0px||0px||true|false&#8220; image_icon_custom_padding=&#8220;0px||0px||true|false&#8220; custom_padding=&#8220;0px||0px||true|false&#8220; animation=&#8220;off&#8220; border_color_all=&#8220;#e5e5e5&#8243; icon_font_size=&#8220;51px&#8220; global_colors_info=&#8220;{}&#8220; image__hover_enabled=&#8220;on|hover&#8220; image__hover=&#8220;http:\/\/grundschule-burgebrach.de\/WP\/wp-content\/uploads\/2022\/06\/3.png&#8220;][\/et_pb_blurb][\/et_pb_column][et_pb_column type=&#8220;1_4&#8243; _builder_version=&#8220;4.16&#8243; custom_padding=&#8220;0px||0px||true|false&#8220; global_colors_info=&#8220;{}&#8220; custom_padding__hover=&#8220;|||&#8220;][et_pb_blurb url=&#8220;@ET-DC@eyJkeW5hbWljIjp0cnVlLCJjb250ZW50IjoicG9zdF9saW5rX3VybF9wYWdlIiwic2V0dGluZ3MiOnsicG9zdF9pZCI6IjUyOTg5IiwiZW5hYmxlX2h0bWwiOiJvZmYifX0=@&#8220; image=&#8220;http:\/\/grundschule-burgebrach.de\/WP\/wp-content\/uploads\/2022\/06\/4zu.png&#8220; image_icon_width=&#8220;50%&#8220; content_max_width=&#8220;100%&#8220; image_icon_width_tablet=&#8220;30%&#8220; image_icon_width_phone=&#8220;30%&#8220; image_icon_width_last_edited=&#8220;on|desktop&#8220; admin_label=&#8220;Finger weg!!! Bild-4.Klasse&#8220; _builder_version=&#8220;4.17.4&#8243; _dynamic_attributes=&#8220;url&#8220; header_font=&#8220;Open Sans|600|||||||&#8220; header_text_align=&#8220;center&#8220; header_text_color=&#8220;#3B6AA0&#8243; header_font_size=&#8220;25px&#8220; header_line_height=&#8220;1.4em&#8220; body_font=&#8220;Nunito Sans||||||||&#8220; body_text_align=&#8220;center&#8220; body_text_color=&#8220;#5499D4&#8243; image_icon_custom_margin=&#8220;0px||0px||true|false&#8220; image_icon_custom_padding=&#8220;0px||0px||true|false&#8220; custom_padding=&#8220;0px||0px||true|false&#8220; animation=&#8220;off&#8220; border_color_all=&#8220;#e5e5e5&#8243; icon_font_size=&#8220;51px&#8220; global_colors_info=&#8220;{}&#8220; image__hover_enabled=&#8220;on|hover&#8220; image__hover=&#8220;http:\/\/grundschule-burgebrach.de\/WP\/wp-content\/uploads\/2022\/06\/4.png&#8220;][\/et_pb_blurb][\/et_pb_column][\/et_pb_row][et_pb_row column_structure=&#8220;1_3,1_3,1_3&#8243; _builder_version=&#8220;4.19.0&#8243; _module_preset=&#8220;default&#8220; global_colors_info=&#8220;{}&#8220;][et_pb_column type=&#8220;1_3&#8243; _builder_version=&#8220;4.19.0&#8243; _module_preset=&#8220;default&#8220; global_colors_info=&#8220;{}&#8220;][\/et_pb_column][et_pb_column type=&#8220;1_3&#8243; _builder_version=&#8220;4.19.0&#8243; _module_preset=&#8220;default&#8220; global_colors_info=&#8220;{}&#8220;][\/et_pb_column][et_pb_column type=&#8220;1_3&#8243; _builder_version=&#8220;4.19.0&#8243; _module_preset=&#8220;default&#8220; global_colors_info=&#8220;{}&#8220;][\/et_pb_column][\/et_pb_row][\/et_pb_section]<\/p>\n","protected":false},"excerpt":{"rendered":"<p>Theaterfahrt und Bauernhofbesuch Am Donnerstag, 21.11.24 und Freitag, 22.11.24 gab es in der Grundschule einen besonderen Schultag. Wir besuchten den Erlebnisbauernhof Seeberger in Hemhofen und anschlie\u00dfend das Theater Kuckucksheim in Heppst\u00e4dt. Auf dem Bauernhof tauchten wir in ein besonderes Weihnachtserlebnis ein. Inmitten einer Lebendkrippe mit Schafen, Ochs und Esel lauschten die Kinder auf die Ger\u00e4usche [&hellip;]<\/p>\n","protected":false},"author":5,"featured_media":53372,"parent":0,"menu_order":0,"comment_status":"closed","ping_status":"closed","template":"","meta":{"_et_pb_use_builder":"on","_et_pb_old_content":"","_et_gb_content_width":"","footnotes":""},"class_list":["post-51406","page","type-page","status-publish","has-post-thumbnail","hentry"],"_links":{"self":[{"href":"https:\/\/grundschule-burgebrach.de\/WP\/wp-json\/wp\/v2\/pages\/51406","targetHints":{"allow":["GET"]}}],"collection":[{"href":"https:\/\/grundschule-burgebrach.de\/WP\/wp-json\/wp\/v2\/pages"}],"about":[{"href":"https:\/\/grundschule-burgebrach.de\/WP\/wp-json\/wp\/v2\/types\/page"}],"author":[{"embeddable":true,"href":"https:\/\/grundschule-burgebrach.de\/WP\/wp-json\/wp\/v2\/users\/5"}],"replies":[{"embeddable":true,"href":"https:\/\/grundschule-burgebrach.de\/WP\/wp-json\/wp\/v2\/comments?post=51406"}],"version-history":[{"count":120,"href":"https:\/\/grundschule-burgebrach.de\/WP\/wp-json\/wp\/v2\/pages\/51406\/revisions"}],"predecessor-version":[{"id":56139,"href":"https:\/\/grundschule-burgebrach.de\/WP\/wp-json\/wp\/v2\/pages\/51406\/revisions\/56139"}],"wp:featuredmedia":[{"embeddable":true,"href":"https:\/\/grundschule-burgebrach.de\/WP\/wp-json\/wp\/v2\/media\/53372"}],"wp:attachment":[{"href":"https:\/\/grundschule-burgebrach.de\/WP\/wp-json\/wp\/v2\/media?parent=51406"}],"curies":[{"name":"wp","href":"https:\/\/api.w.org\/{rel}","templated":true}]}}